{"id":703,"date":"2013-07-22T14:36:41","date_gmt":"2013-07-22T14:36:41","guid":{"rendered":"http:\/\/web.ismt.pt\/wp\/diinews\/?page_id=703"},"modified":"2019-03-12T01:29:54","modified_gmt":"2019-03-12T01:29:54","slug":"projetos-de-investigacao","status":"publish","type":"page","link":"https:\/\/diinews.ismt.pt\/?page_id=703&lang=pt","title":{"rendered":"Projetos de Investiga\u00e7\u00e3o"},"content":{"rendered":"<h1><strong>Projetos em curso<\/strong><\/h1>\n<p>No Instituto Superior Miguel Torga, os projetos de investiga\u00e7\u00e3o s\u00e3o transversais \u00e0s v\u00e1rias \u00e1reas disciplinares e envolvem investigadores de variadas forma\u00e7\u00f5es.<\/p>\n<p>A seguir s\u00e3o apresentados os projetos recentes por ordem de implementa\u00e7\u00e3o\u00a0<\/p>\n<h3><em><strong> Trajet\u00f3rias do envelhecimento: desempenho cognitivo, estado emocional, padr\u00f5es do comportamento e suas mudan\u00e7as longitudinais em idosos institucionalizados de Coimbra<\/strong><\/em><\/h3>\n<p>As potenciais altera\u00e7\u00f5es cognitivas em idosos s\u00e3o importantes de determinar antes da instala\u00e7\u00e3o de dem\u00eancia, para se poder adiar ou at\u00e9 reverter essas altera\u00e7\u00f5es. \u00c9 tamb\u00e9m importante verificar se as pessoas idosas sofrem de sintomas neuropsiqui\u00e1tricos que prenunciam a dem\u00eancia, tamb\u00e9m para que se possa intervir antecipadamente. Os idosos institucionalizados constituem uma popula\u00e7\u00e3o vulner\u00e1vel ao decl\u00ednio cognitivo e a sintomas psicopatol\u00f3gicos, e, por isso, pretendemos identificar os que est\u00e3o em risco, elucidando os correlatos e os fatores de risco de progress\u00e3o demencial. Para tal, estamos a avaliar longitudinalmente idosos institucionalizados do concelho de Coimbra atrav\u00e9s uma bateria neuropsicol\u00f3gica-emocional.<\/p>\n<p><strong>Investigadores:\u00a0<\/strong>Helena Esp\u00edrito Santo (coordenadora); Ana Galhardo; Carlos Amaral Dias; Fernanda Bento Daniel; Laura Susana Tavares Lemos; Mariana Vaz Pires Marques; Marina Cunha; S\u00f3nia Guadalupe Abreu; S\u00f3nia Sim\u00f5es.<\/p>\n<p><strong>Produ\u00e7\u00e3o Cient\u00edfica<\/strong><\/p>\n<ul>\n<li><a href=\"https:\/\/diinews.ismt.pt\/?page_id=1369\">Disserta\u00e7\u00f5es de mestrado e doutoramento<\/a><\/li>\n<li><a href=\"https:\/\/diinews.ismt.pt\/?page_id=1374\">Apresenta\u00e7\u00e3o de comunica\u00e7\u00f5es em congressos nacionais e internacionais<\/a><\/li>\n<li><a href=\"https:\/\/diinews.ismt.pt\/?page_id=1439\">Artigos em revistas nacionais e internacionais<\/a><\/li>\n<li><a href=\"https:\/\/diinews.ismt.pt\/?page_id=1386\">Livros ou cap\u00edtulos de livro<\/a><\/li>\n<\/ul>\n<h3><em><strong>Redes Sociais Pessoais de Idosos<\/strong><\/em><\/h3>\n<p>O estudo pretende descrever e tipificar as redes sociais dos idosos portugueses quanto \u00e0s suas caracter\u00edsticas estruturais, funcionais e relacionais-contextuais, analisando intercess\u00f5es com vari\u00e1veis demogr\u00e1ficas, familiares, relacionais, socioprofissionais, psicol\u00f3gicas, de sa\u00fade e de participa\u00e7\u00e3o social. Integra catorze estudos seccionais, utilizando as metodologias quantitativa e de an\u00e1lise de redes sociais (ego network analysis).<\/p>\n<p><strong>Investigadores:\u00a0<\/strong>S\u00f3nia Guadalupe; Henrique Vicente; Fernanda Daniel; In\u00eas Amaral.<\/p>\n<p><strong>Produ\u00e7\u00e3o Cient\u00edfica\u00a0<\/strong><\/p>\n<ul>\n<li><a href=\"https:\/\/diinews.ismt.pt\/wp-admin\/post.php?post=2490&amp;action=edit\">Teses de doutoramento e Disserta\u00e7\u00f5es de mestrado<\/a><\/li>\n<li><a href=\"https:\/\/diinews.ismt.pt\/?page_id=2511\">Apresenta\u00e7\u00e3o de papers e p\u00f3steres em congressos nacionais e internacionais;<\/a><\/li>\n<li><a href=\"https:\/\/diinews.ismt.pt\/?page_id=2503\">Publica\u00e7\u00e3o de artigos em revistas nacionais e internacionais;<\/a><\/li>\n<li><a href=\"https:\/\/diinews.ismt.pt\/?page_id=2500\">Publica\u00e7\u00e3o em compila\u00e7\u00e3o dos estudos em livro<\/a><\/li>\n<\/ul>\n<h3><em><strong> O papel de um programa de reabilita\u00e7\u00e3o neuropsicol\u00f3gica grupal no funcionamento cognitivo e n\u00e3o-cognitivo de idosos sob resposta social\u00a0<\/strong><\/em><\/h3>\n<p>O estudo tem como objetivo criar e avaliar os resultados de um programa estruturado de reabilita\u00e7\u00e3o neuropsicol\u00f3gica grupal em idosos institucionalizados com vista ao desenvolvimento de aptid\u00f5es cognitivas e emocionais.<\/p>\n<p><strong>Investigadores:\u00a0<\/strong>Helena Amaral Espirito-Santo (coordenadora); Carlos Amaral Dias; Fernanda Bento Daniel; Laura Susana Tavares Lemos; Mariana Vaz Pires Marques.<\/p>\n<p><strong>Produ\u00e7\u00e3o Cient\u00edfica<\/strong><\/p>\n<ul>\n<li><a href=\"https:\/\/diinews.ismt.pt\/?page_id=1402\">Disserta\u00e7\u00f5es de mestrado<\/a><\/li>\n<li><a href=\"https:\/\/diinews.ismt.pt\/?page_id=1381\">Apresenta\u00e7\u00e3o de artigos e comunica\u00e7\u00f5es em congressos nacionais e internacionais<\/a><\/li>\n<li><a href=\"https:\/\/diinews.ismt.pt\/?page_id=1442\">Artigos em revistas nacionais e internacionais<\/a><\/li>\n<li><a href=\"https:\/\/diinews.ismt.pt\/?page_id=2599\">Livros ou cap\u00edtulos de livro<\/a><\/li>\n<\/ul>\n<h3><em><strong> O papel dos processos emocionais protetores e de risco no funcionamento intra e interpessoal\u00a0<\/strong><\/em><\/h3>\n<p>Reconhecendo o contributo das for\u00e7as e virtudes humanas para o bem-estar do indiv\u00edduo, pretende-se estudar o papel de algumas vari\u00e1veis protetoras do funcionamento intra e interpessoal, como a autocompaix\u00e3o, a esperan\u00e7a, a espiritualidade, o otimismo, a resili\u00eancia e a aten\u00e7\u00e3o plena. Queremos ainda perceber o potencial papel mediador dessas vari\u00e1veis protetoras face a vari\u00e1veis de risco para a psicopatologia, como a dissocia\u00e7\u00e3o, experi\u00eancias traum\u00e1ticas, experi\u00eancias mal-adaptativas precoces e dificuldades interpessoais.<\/p>\n<p><strong>Investigadores:\u00a0<\/strong>Helena Amaral Esp\u00edrito Santo (coordenadora); S\u00f3nia Catarina Carvalho Sim\u00f5es; Mariana Vaz Pires Marques.<\/p>\n<p><strong>Produ\u00e7\u00e3o Cient\u00edfica<\/strong><\/p>\n<ul>\n<li><a href=\"https:\/\/diinews.ismt.pt\/?page_id=1424\">Produ\u00e7\u00e3o de disserta\u00e7\u00f5es de mestrado<\/a><\/li>\n<li><a href=\"https:\/\/diinews.ismt.pt\/?page_id=1427\">Apresenta\u00e7\u00e3o de papers e posters em congressos nacionais e internacionais<\/a><\/li>\n<li><a href=\"https:\/\/diinews.ismt.pt\/?page_id=1430\">Publica\u00e7\u00e3o de artigos em revistas nacionais e internacionais<\/a><\/li>\n<li><a href=\"https:\/\/diinews.ismt.pt\/?page_id=1435\">Livros e cap\u00edtulos de livros<\/a><\/li>\n<\/ul>\n<h3><em><strong> Constru\u00e7\u00e3o de conhecimento e pr\u00e1ticas profissionais<\/strong><\/em><\/h3>\n<p>O objetivo do projeto visa discutir o significado dos estudos e investiga\u00e7\u00f5es que muitos profissionais, assistentes sociais, psic\u00f3logos e gestores de recursos humanos, t\u00eam vindo a desenvolver no sentido de compreender a complexidade inerente a problemas com que se defrontam no quotidiano das suas pr\u00e1ticas profissionais.<\/p>\n<p><strong>Investigadores:\u00a0<\/strong>Esmeralda Macedo, Margarida Pocinho e Joana Sequeira.<\/p>\n<h3><em><strong> Organizar positivamente &#8211; Sa\u00fade ocupacional e Bem estar<\/strong><\/em><\/h3>\n<p>Pretende-se estudar o contributo de algumas vari\u00e1veis protetoras do funcionamento intra e interpessoal (como a autocompaix\u00e3o, o bem-estar psicol\u00f3gico, o bem estar espiritual, a esperan\u00e7a, o otimismo, a resili\u00eancia e o <em>coping<\/em>) para a cria\u00e7\u00e3o de contextos de trabalho saud\u00e1veis, percebendo as associa\u00e7\u00f5es existentes com algumas vari\u00e1veis organizacionais (e.g. comprometimento organizacional, virtuosidade organizacional, stresse ocupacional).<br \/>Numa fase mais avan\u00e7ada do projeto s\u00e3o, ainda, objetivos: 1) implementar um programa de interven\u00e7\u00e3o no contexto organizacional, dirigido a colaboradores que apresentem n\u00edveis de stresse mais elevado (aplica\u00e7\u00e3o de t\u00e9cnicas de <em>mindfulness<\/em>e de <em>coaching<\/em>), e 2) perceber o impacto que o programa tem nos indicadores do funcionamento individual e organizacional.<\/p>\n<p><strong>Investigadores [Research team]\u00a0<\/strong>(CEPESE\/ISMT)<\/p>\n<p>S\u00f3nia Catarina Carvalho Sim\u00f5es, Mariana Vaz Pires Marques.<\/p>\n<p><strong>Produ\u00e7\u00e3o Cient\u00edfica [Scientific production]<\/strong><\/p>\n<ul>\n<li><a href=\"https:\/\/diinews.ismt.pt\/?page_id=2049\">Disserta\u00e7\u00f5es de mestrado<\/a><\/li>\n<li><a href=\"https:\/\/diinews.ismt.pt\/?page_id=2056\">Apresenta\u00e7\u00e3o de comunica\u00e7\u00f5es em congressos nacionais e internacionais<\/a><\/li>\n<li>Artigos em revistas nacionais e internacionais<\/li>\n<\/ul>\n<p>\u00a0<\/p>\n\n\n<hr class=\"wp-block-separator\"\/>\n\n\n\n<hr class=\"wp-block-separator\"\/>\n","protected":false},"excerpt":{"rendered":"<p>Projetos em curso No Instituto Superior Miguel Torga, os projetos de investiga\u00e7\u00e3o s\u00e3o transversais \u00e0s v\u00e1rias \u00e1reas disciplinares e envolvem investigadores de variadas forma\u00e7\u00f5es. A seguir s\u00e3o apresentados os projetos recentes por ordem de implementa\u00e7\u00e3o\u00a0 Trajet\u00f3rias do envelhecimento: desempenho cognitivo, estado emocional, padr\u00f5es do comportamento e suas mudan\u00e7as longitudinais em idosos institucionalizados de Coimbra As [&hellip;]<\/p>\n","protected":false},"author":1,"featured_media":0,"parent":1465,"menu_order":3,"comment_status":"closed","ping_status":"closed","template":"","meta":{"_mi_skip_tracking":false,"_monsterinsights_sitenote_active":false,"_monsterinsights_sitenote_note":"","_monsterinsights_sitenote_category":0},"_links":{"self":[{"href":"https:\/\/diinews.ismt.pt\/index.php?rest_route=\/wp\/v2\/pages\/703"}],"collection":[{"href":"https:\/\/diinews.ismt.pt\/index.php?rest_route=\/wp\/v2\/pages"}],"about":[{"href":"https:\/\/diinews.ismt.pt\/index.php?rest_route=\/wp\/v2\/types\/page"}],"author":[{"embeddable":true,"href":"https:\/\/diinews.ismt.pt\/index.php?rest_route=\/wp\/v2\/users\/1"}],"replies":[{"embeddable":true,"href":"https:\/\/diinews.ismt.pt\/index.php?rest_route=%2Fwp%2Fv2%2Fcomments&post=703"}],"version-history":[{"count":126,"href":"https:\/\/diinews.ismt.pt\/index.php?rest_route=\/wp\/v2\/pages\/703\/revisions"}],"predecessor-version":[{"id":3827,"href":"https:\/\/diinews.ismt.pt\/index.php?rest_route=\/wp\/v2\/pages\/703\/revisions\/3827"}],"up":[{"embeddable":true,"href":"https:\/\/diinews.ismt.pt\/index.php?rest_route=\/wp\/v2\/pages\/1465"}],"wp:attachment":[{"href":"https:\/\/diinews.ismt.pt\/index.php?rest_route=%2Fwp%2Fv2%2Fmedia&parent=703"}],"curies":[{"name":"wp","href":"https:\/\/api.w.org\/{rel}","templated":true}]}}