{"id":2511,"date":"2018-01-28T22:45:13","date_gmt":"2018-01-28T22:45:13","guid":{"rendered":"http:\/\/diinews.ismt.pt\/?page_id=2511"},"modified":"2019-02-21T03:45:55","modified_gmt":"2019-02-21T03:45:55","slug":"apresentacoes-redes","status":"publish","type":"page","link":"https:\/\/diinews.ismt.pt\/?page_id=2511&lang=pt","title":{"rendered":"Apresenta\u00e7\u00f5es"},"content":{"rendered":"<h2><strong>2017<\/strong><\/h2>\n<p>Daniel, F., Antunes, A., Guadalupe, S., Massano-Cardoso, I., &amp; Vicente, H. (2017). <a href=\"http:\/\/www.europsy-journal.com\/article\/S0924-9338(17)30316-4\/fulltext?cc=y\" target=\"_blank\" rel=\"noopener noreferrer\">Resilient coping and social networks in old age. <\/a><em>European Psychiatry<\/em>, <em>41<\/em>(Supplement), S100\u2013S101, Published in issue: April 2017.\u00a0\u00a0doi:10.1016\/j.eurpsy.2017.01.311<\/p>\n<p>Lucas, A. R., Daniel, F., Guadalupe, S., Massano-Cardoso, I., &amp; Vicente, H. (2017). <a href=\"http:\/\/www.europsy-journal.com\/article\/S0924-9338(17)32569-5\/fulltext\" target=\"_blank\" rel=\"noopener noreferrer\">Time spent in retirement, health and well-being.<\/a> <em>European Psychiatry<\/em>, 41(Supplement), S339\u2013S340, Published in issue: April 2017, \u00a0doi:\u00a010.1016\/j.eurpsy.2017.02.298<\/p>\n<h2><strong>2015<\/strong><\/h2>\n<p>Guadalupe, S., Gomes, P., Daniel, F., Cardoso, J., &amp; Vicente, H. T. (2015). <a href=\"http:\/\/indosow.info\/exordo2\/book1.pdf.\" target=\"_blank\" rel=\"noopener noreferrer\"><em>Personal social networks of Portuguese childless elder people and older parents.<\/em><\/a> In European Conference for Social Work Research (5<sup>th<\/sup> ECSWR 2015, Ljubljana). Re-visioning social work with individuals, collectives and communities: social work research. <em>Program Book &amp; Book of Abstracts<\/em>. [Organized by] European Social Work Research Association, [editors Darja Zavirsek et al.]. Ljubljana: Fakulteta za socialno delo, p. 201. ISBN 978-961-6569-53-8.<\/p>\n<p>Guadalupe, S., Silva, L., Vicente, H. T., &amp; Daniel, F. (2015). <em><a href=\"http:\/\/www.eassw.org\/userfiles\/file\/EASSW%20BOOK_final.pdf\" target=\"_blank\" rel=\"noopener noreferrer\">Similar characteristics of social personal networks between lossy and lossless Portuguese elderly.<\/a> Social Work Education in Europe: towards 2025. Abstract book<\/em>. Org.: EASSW &#8211; European Association\u00a0of Schools of Social Work. Bicocca University, Milan, Italy, 29th June &#8211; 2nd July 2015., p. 137.<\/p>\n<p>Silva, J., Guadalupe, S.,\u00a0Daniel, F., &amp; Testa-Vicente, H. (2015). <em><a href=\"http:\/\/dx.doi.org\/10.13140\/RG.2.1.4918.7927\" target=\"_blank\" rel=\"noopener noreferrer\">The profiles of personal social networks of the elderly, social services users and non-users, in Portugal: guidelines for social work diagnosis.<\/a><\/em>\u00a0Social Work Education in Europe: towards 2025, Milan, 2015\u00a0(Poster).\u00a0doi:10.13140\/RG.2.1.4918.7927<\/p>\n<h2><strong>2014<\/strong><\/h2>\n<p>Abreu, S.\u00a0G. S. R. N., Vicente, H., Daniel, F., &amp; Santos, C. (2014). <em><a href=\"http:\/\/dx.doi.org\/10.13140\/RG.2.1.2297.3527\" target=\"_blank\" rel=\"noopener noreferrer\">Personal social networks of elderly and mental health: preliminar y results<\/a><\/em>. (Poster). doi:10.13140\/RG.2.1.2297.3527<\/p>\n<p>Lucas, M., Guadalupe, S.,\u00a0Sim\u00f5es, S., Esp\u00edrito-Santo, H., &amp; Marques, M. (2014). <em><a href=\"http:\/\/dx.doi.org\/10.13140\/RG.2.1.1773.0649\" target=\"_blank\" rel=\"noopener noreferrer\">Mental health, strengths and social support of single mothers.<\/a><\/em>\u00a02nd IPLeiria International Health Congress: Challenges &amp; Innovation in Health,Leiria,2014\u00a0(Poster).\u00a0doi:10.13140\/RG.2.1.1773.0649<\/p>\n<p>Guadalupe, S.,\u00a0Testa-Vicente, H., Daniel, F., &amp; Santos, C. (2014). <a href=\"http:\/\/dx.doi.org\/10.13140\/RG.2.1.2297.3527\" target=\"_blank\" rel=\"noopener noreferrer\"><em>Personal social networks of elderly and mental health: preliminary results<\/em>.<\/a>\u00a02nd IPLeiria International Health Congress: Challenges &amp; Innovation in Health, Leiria,2014\u00a0(Poster). doi:10.13140\/RG.2.1.2297.3527<\/p>\n<p>Silva, J., &amp; Guadalupe, S. (2014). <em><a href=\"http:\/\/www.apross.pt\/news\/livro-de-resumos-do-iii-cnss\/\" target=\"_blank\" rel=\"noopener noreferrer\">Perfis de redes sociais pessoais de idosos com e sem apoio de respostas sociais<\/a>.<\/em> In Guadalupe, S, Gomes, A., Branco, A. &amp; Silva, AR (orgs). <em>Livro de Resumos das Comunica\u00e7\u00f5es Livres do III Congresso Nacional de Servi\u00e7o Social \u2013 E-book of Abstracts<\/em>. Coimbra, APSS, p. 9. ISBN 978-972-95805-5-0.<\/p>\n<h1><em><strong>Comunica\u00e7\u00f5es Orais<\/strong><\/em><\/h1>\n<h2><strong>2017<\/strong><\/h2>\n<p>Guadalupe, S. (presenter). <em>A avalia\u00e7\u00e3o diagn\u00f3stica das redes de suporte social informal em Servi\u00e7o Social.<\/em> Confer\u00eancia de abertura da 3.\u00aa edi\u00e7\u00e3o do Programa Interuniversit\u00e1rio de Doutoramento em Servi\u00e7o Social da Universidade Cat\u00f3lica Portuguesa e da Faculdade de Psicologia e Ci\u00eancias da Educa\u00e7\u00e3o da Universidade de Coimbra. FPCE-UC, Pal\u00e1cio Sacadura Botte, Coimbra.2017\/09\/29 \u2013<\/p>\n<p>Guadalupe, S. (presenter), Vicente, H. T., Daniel, F., &amp; Cardoso, J. (2017). <em>\u201cQuando o ninho esteve sempre vazio\u2026\u201d: implica\u00e7\u00f5es para a interven\u00e7\u00e3o sist\u00e9mica das configura\u00e7\u00f5es nas redes sociais pessoais de idosos sem filhos<\/em>. XIII Jornadas Internacionais RELATES 2017 \u201cEncontro das Terapias Sist\u00e9micas \u2013 a ci\u00eancia e a cultura\u201d. Faculdade de Psicologia e Ci\u00eancias da Educa\u00e7\u00e3o da Universidade de Lisboa. Lisboa, 6, 7 e 8 de Julho de 2017.<\/p>\n<h2><strong>2016<\/strong><\/h2>\n<p>Guadalupe, S. (presenter), Vicente, H. T., Daniel, F., &amp; Cardoso, J. (2016). <em>Ter ou n\u00e3o ter filhos: configura\u00e7\u00f5es nas redes sociais pessoais na velhice e desafios para a interven\u00e7\u00e3o social<\/em>. Confer\u00eancias de Charneira 2017 \u2013 O Servi\u00e7o Social e as Ci\u00eancias Sociais: Al\u00e9m do indiv\u00edduo: as redes de parentesco e de comunidade na interven\u00e7\u00e3o social. Org. Universidade de Tr\u00e1s-os-Montes e Alto Douro (UTAD), Vila Real. 2017\/03\/29.<\/p>\n<p>Guadalupe, S. (presenter), Vicente, H. T., Daniel, F., &amp; Cardoso, J. (2016). <em>Ter ou n\u00e3o ter filho\/as: diferentes configura\u00e7\u00f5es nas redes sociais pessoais na idade avan\u00e7ada<\/em>. IIas Jornadas de Investiga\u00e7\u00e3o em Psicologia Cl\u00ednica do ISMT. Org. Instituto Superior Miguel Torga. Coimbra, Instituto da Juventude, 26 de outubro de 2016. 2016\/10\/26.<\/p>\n<p>Guadalupe, S. (presenter), Vicente, H. T., Daniel, F., &amp; Cardoso, J. (2016). <em>Caracter\u00edsticas das redes sociais pessoais de idoso\/as com e sem filho\/as: implica\u00e7\u00f5es para a avalia\u00e7\u00e3o diagn\u00f3stica e interven\u00e7\u00e3o em Servi\u00e7o Social<\/em>. III Col\u00f3quio Doutoral da Escola de Sociologia e Pol\u00edticas P\u00fablicas do ISCTE, CIES-IUL. Lisboa, 18 a 22 de abril de 2016. 2016\/04\/18.<\/p>\n<h2><strong>2015<\/strong><\/h2>\n<p>Guadalupe, S. (presenter), Silva, L., Vicente, H. T., &amp; Daniel, F. (2015). <em>Similar characteristics of social personal networks between lossy and lossless Portuguese elderly<\/em>. Social Work Education in Europe: towards 2025. Org.: EASSW \u2013 European Association\u00a0of Schools of Social Work. Bicocca University, Milan, Italy, 29th June &#8211; 2nd July 2015. 2015\/07\/01.<\/p>\n<p>Guadalupe, S. (presenter), Daniel, F., Cardoso, J. Monteiro, R., &amp; Vicente, H. T. (2015). <em>Redes sociais pessoais de idoso(a)s com e sem filho(a)s<\/em>. \u201cConfer\u00eancia\u00a0Envelhecimento. Pensar o futuro hoje \u2013 m\u00faltiplas disciplinas, m\u00faltiplas solu\u00e7\u00f5es, m\u00faltiplas pol\u00edticas\u201d. Universidade de Lisboa. Reitoria da Universidade de Lisboa, Lisboa. 2015\/06\/23.<\/p>\n<h2><strong>2014<\/strong><\/h2>\n<p>Guadalupe, S. (presenter) (2014). Caracter\u00edsticas das redes sociais pessoais de idosos: implica\u00e7\u00f5es para o Servi\u00e7o Social. II F\u00f3rum da Pessoa Idosa. Org. SESARAM. Biblioteca do Hospital Dr. N\u00e9lio Mendon\u00e7a. Funchal. 2014\/10\/31.<\/p>\n<p>Silva, J. (presenter), &amp; Guadalupe, S. (2014). Perfis de redes sociais pessoais de idosos com e sem apoio de respostas sociais. III Congresso Nacional de Servi\u00e7o Social \u2013 Crises e (in)Justi\u00e7a Social: desafios para o(a)s assistentes sociais. APSS, Coimbra, 23 e 24 de mar\u00e7o de 2014. 2014\/05\/23.<\/p>\n<p>Vicente, H. T. (presenter), Guadalupe, S., &amp; Daniel F. (2014). A fam\u00edlia, o g\u00e9nero e a rede social. F\u00f3rum Envelhecimento Ativo e Saud\u00e1vel \u201cInovar \u00e9 viver, olhares\u201d. CAE da Figueira, Figueira da Foz, 20 de Setembro de 2014.<\/p>\n<p>Guadalupe, S. (presenter), Daniel, F., &amp; Henrique, H. T. (2014). Caracter\u00edsticas das redes sociais e pessoais de idosos: implica\u00e7\u00f5es para o Servi\u00e7o Social. II F\u00f3rum da Pessoa Idosa. SESARAM, EPE, Biblioteca Hospital Dr. N\u00e9lio Mendon\u00e7a, Funchal (Madeira), 31 de Outubro de 2014.<\/p>\n<h1><em><strong>Posters<\/strong><\/em><\/h1>\n<h2><strong>2016<\/strong><\/h2>\n<p>Monteiro, R. (presenter), Guadalupe, S., Vicente, H. T., &amp; Daniel, F. (2016). <em>As rela\u00e7\u00f5es familiares nas redes sociais pessoais de idosos.<\/em> IIas Jornadas de Investiga\u00e7\u00e3o em Psicologia Cl\u00ednica do ISMT. Org. Instituto Superior Miguel Torga. Coimbra, Instituto da Juventude, 26 de outubro de 2016.<\/p>\n<p>Lucas, A. R. (presenter), Daniel, F., Guadalupe, S., &amp; Vicente, H. T. (2016). <em>Tempo de <\/em>reforma<em>, sa\u00fade e <\/em>bem<em>&#8211;<\/em>estar<em>.<\/em> IIas Jornadas de Investiga\u00e7\u00e3o em Psicologia Cl\u00ednica do ISMT. Org. Instituto Superior Miguel Torga. Coimbra, Instituto da Juventude, 26 de outubro de 2016.<\/p>\n<h2><strong>2015<\/strong><\/h2>\n<p>Silva, J., Guadalupe, S. (presenter), Daniel, F., &amp; Vicente, H. T. (2015). <em>The profiles of personal social networks of the elderly, social services users and non-users, in Portugal: guidelines for social work diagnosis. Social Work Education in Europe: Towards 2025<\/em>. Org.: EASSW &#8211; European Association\u00a0of Schools of Social Work. Bicocca University, Milan, Italy, 29th June &#8211; 2nd July 2015. DOI:\u00a010.13140\/RG.2.1.4918.7927.<\/p>\n<h2><strong>2014<\/strong><\/h2>\n<p>Guadalupe Abreu, S., Testa Vicente, H., Daniel F., &amp; Santos, C. (2014). <em>Personal social networks of elderly and mental health: preliminary results<\/em>. 2nd IPLeiria International Health Congress: Challenges &amp; Innovation in Health. Leiria, Portugal, May 9-10,\u00a02014.<\/p>\n<p>Silva, J., &amp; Guadalupe, S. (2014). <em>Perfis de redes sociais pessoais de idosos com e sem apoio de respostas sociais<\/em>. III Congresso Nacional de Servi\u00e7o Social \u2013 Crises e (in)Justi\u00e7a Social: desafios para o(a)s assistentes sociais. APSS, Coimbra, 23 e 24 de mar\u00e7o de 2014.<\/p>\n","protected":false},"excerpt":{"rendered":"<p>2017 Daniel, F., Antunes, A., Guadalupe, S., Massano-Cardoso, I., &amp; Vicente, H. (2017). Resilient coping and social networks in old age. European Psychiatry, 41(Supplement), S100\u2013S101, Published in issue: April 2017.\u00a0\u00a0doi:10.1016\/j.eurpsy.2017.01.311 Lucas, A. R., Daniel, F., Guadalupe, S., Massano-Cardoso, I., &amp; Vicente, H. (2017). Time spent in retirement, health and well-being. European Psychiatry, 41(Supplement), S339\u2013S340, Published [&hellip;]<\/p>\n","protected":false},"author":1,"featured_media":0,"parent":1397,"menu_order":2,"comment_status":"closed","ping_status":"closed","template":"","meta":{"_mi_skip_tracking":false,"_monsterinsights_sitenote_active":false,"_monsterinsights_sitenote_note":"","_monsterinsights_sitenote_category":0},"_links":{"self":[{"href":"https:\/\/diinews.ismt.pt\/index.php?rest_route=\/wp\/v2\/pages\/2511"}],"collection":[{"href":"https:\/\/diinews.ismt.pt\/index.php?rest_route=\/wp\/v2\/pages"}],"about":[{"href":"https:\/\/diinews.ismt.pt\/index.php?rest_route=\/wp\/v2\/types\/page"}],"author":[{"embeddable":true,"href":"https:\/\/diinews.ismt.pt\/index.php?rest_route=\/wp\/v2\/users\/1"}],"replies":[{"embeddable":true,"href":"https:\/\/diinews.ismt.pt\/index.php?rest_route=%2Fwp%2Fv2%2Fcomments&post=2511"}],"version-history":[{"count":11,"href":"https:\/\/diinews.ismt.pt\/index.php?rest_route=\/wp\/v2\/pages\/2511\/revisions"}],"predecessor-version":[{"id":3517,"href":"https:\/\/diinews.ismt.pt\/index.php?rest_route=\/wp\/v2\/pages\/2511\/revisions\/3517"}],"up":[{"embeddable":true,"href":"https:\/\/diinews.ismt.pt\/index.php?rest_route=\/wp\/v2\/pages\/1397"}],"wp:attachment":[{"href":"https:\/\/diinews.ismt.pt\/index.php?rest_route=%2Fwp%2Fv2%2Fmedia&parent=2511"}],"curies":[{"name":"wp","href":"https:\/\/api.w.org\/{rel}","templated":true}]}}