{"id":2503,"date":"2018-01-28T22:32:03","date_gmt":"2018-01-28T22:32:03","guid":{"rendered":"http:\/\/diinews.ismt.pt\/?page_id=2503"},"modified":"2019-02-21T03:46:31","modified_gmt":"2019-02-21T03:46:31","slug":"artigos-redes","status":"publish","type":"page","link":"https:\/\/diinews.ismt.pt\/?page_id=2503&lang=pt","title":{"rendered":"Artigos"},"content":{"rendered":"<h2><strong>2016<\/strong><\/h2>\n<p>Caetano, A.\u00a0P., &amp; Guadalupe, S. (2017). <a href=\"http:\/\/dx.doi.org\/10.7342\/ismt.rpics.2017.3.1.44\" target=\"_blank\" rel=\"noopener noreferrer\">Rede Social de pessoas com consumos aditivos e depend\u00eancias<\/a>.\u00a0<i>Revista Portuguesa de Investiga\u00e7\u00e3o Comportamental e Social,<\/i>\u00a03(1), 14-26.\u00a0doi:10.7342\/ismt.rpics.2017.3.1.44<\/p>\n<p>Dias, S., Sequeira, J., &amp; Guadalupe, S. (2016). <a href=\"http:\/\/rpics.ismt.pt\/index.php\/ISMT\/article\/view\/25\/pdf\" target=\"_blank\" rel=\"noopener noreferrer\">Rede social pessoal de jovens acolhidos em Lares de Inf\u00e2ncia e Juventude.<\/a> <em>Revista Portuguesa de Investiga\u00e7\u00e3o Comportamental e Social, 2<\/em>(1), 25-37. doi:10.7342\/ismt.rpics.2016.2.1.25<\/p>\n<p>Guadalupe, S., Costa, E., &amp; Daniel, F. (2016). <a href=\"http:\/\/sci-hub.cc\/10.7342\/ismt.rpics.2016.2.1.27\" target=\"_blank\" rel=\"noopener noreferrer\">Sentimentos face ao futuro, necessidades percebidas e redes de suporte social de cuidadores informais de pessoas adultas com defici\u00eancia.<\/a><em> Revista Portuguesa de Investiga\u00e7\u00e3o Comportamental e Social, 2<\/em>(1), 53-66. doi: 10.7342\/ismt.rpics.2016.2.1.27<\/p>\n<h2><strong>2015<\/strong><\/h2>\n<p>Abreu, S. G. S. R. N. (2015). <a href=\"http:\/\/revistas.lis.ulusiada.pt\/index.php\/is\/article\/view\/2198\/pdf_19\" target=\"_blank\" rel=\"noopener noreferrer\">A rutura dos la\u00e7os sociais nas narrativas da pessoa em situa\u00e7\u00e3o de sem-abrigo<\/a>, <i>Interven\u00e7\u00e3o Social<\/i>, 42\/45, 171-190.<\/p>\n<p>Guadalupe, S., Tavares, S., &amp; Monteiro, R. (2015). <a href=\"http:\/\/www.uel.br\/revistas\/uel\/index.php\/ssrevista\/article\/view\/21731\/17732\" target=\"_blank\" rel=\"noopener noreferrer\" data-slimstat=\"5\">Redes de suporte social e (in)acesso a direitos em fam\u00edlias monoparentais femininas [Social support networks and the (in)access to social rights in female single-parent families]<\/a>. <em>Servi\u00e7o Social em Revista, 17<\/em>(2), 41-63. doi:10.5433\/1679-4842.2015v17n2p41<\/p>\n<p>Guadalupe, S., Tavares, S., &amp; Monteiro, R. (2015). <a href=\"http:\/\/www.uel.br\/revistas\/uel\/index.php\/ssrevista\/article\/view\/21731\/17732\" target=\"_blank\" rel=\"noopener noreferrer\" data-slimstat=\"5\">Redes de suporte social e (in)acesso a direitos em fam\u00edlias monoparentais femininas [Social support networks and the (in)access to social rights in female single-parent families]<\/a>. <em>Servi\u00e7o Social em Revista, 17<\/em>(2), 41-63. doi:10.5433\/1679-4842.2015v17n2p41<\/p>\n<p>Silva, A. R., &amp; Guadalupe, S. (2015). <a href=\"https:\/\/periodicos.sbu.unicamp.br\/ojs\/index.php\/sss\/article\/view\/8638902\/6505\" target=\"_blank\" rel=\"noopener noreferrer\" data-slimstat=\"5\">A inser\u00e7\u00e3o profissional de assistentes sociais nos cuidados paliativos em Portugal<\/a>. <em>Servi\u00e7o Social &amp; Sa\u00fade, 14<\/em>(1)(19), 57-89. doi:10.20396\/sss.v14i1.8638902<\/p>\n<h2><strong>2013<\/strong><\/h2>\n<p>Abreu, S.\u00a0G. S. R. N.. (2013). Perce\u00e7\u00e3o de compet\u00eancias em fam\u00edlias monoparentais femininas.\u00a0<i>Mosaico, Journal of the Spanish Federation of Family Therapy Associations<\/i>, 56, 115 &#8211; 127.<\/p>\n","protected":false},"excerpt":{"rendered":"<p>2016 Caetano, A.\u00a0P., &amp; Guadalupe, S. (2017). Rede Social de pessoas com consumos aditivos e depend\u00eancias.\u00a0Revista Portuguesa de Investiga\u00e7\u00e3o Comportamental e Social,\u00a03(1), 14-26.\u00a0doi:10.7342\/ismt.rpics.2017.3.1.44 Dias, S., Sequeira, J., &amp; Guadalupe, S. (2016). Rede social pessoal de jovens acolhidos em Lares de Inf\u00e2ncia e Juventude. Revista Portuguesa de Investiga\u00e7\u00e3o Comportamental e Social, 2(1), 25-37. doi:10.7342\/ismt.rpics.2016.2.1.25 Guadalupe, S., [&hellip;]<\/p>\n","protected":false},"author":1,"featured_media":0,"parent":1397,"menu_order":3,"comment_status":"closed","ping_status":"closed","template":"","meta":{"_mi_skip_tracking":false,"_monsterinsights_sitenote_active":false,"_monsterinsights_sitenote_note":"","_monsterinsights_sitenote_category":0},"_links":{"self":[{"href":"https:\/\/diinews.ismt.pt\/index.php?rest_route=\/wp\/v2\/pages\/2503"}],"collection":[{"href":"https:\/\/diinews.ismt.pt\/index.php?rest_route=\/wp\/v2\/pages"}],"about":[{"href":"https:\/\/diinews.ismt.pt\/index.php?rest_route=\/wp\/v2\/types\/page"}],"author":[{"embeddable":true,"href":"https:\/\/diinews.ismt.pt\/index.php?rest_route=\/wp\/v2\/users\/1"}],"replies":[{"embeddable":true,"href":"https:\/\/diinews.ismt.pt\/index.php?rest_route=%2Fwp%2Fv2%2Fcomments&post=2503"}],"version-history":[{"count":7,"href":"https:\/\/diinews.ismt.pt\/index.php?rest_route=\/wp\/v2\/pages\/2503\/revisions"}],"predecessor-version":[{"id":3520,"href":"https:\/\/diinews.ismt.pt\/index.php?rest_route=\/wp\/v2\/pages\/2503\/revisions\/3520"}],"up":[{"embeddable":true,"href":"https:\/\/diinews.ismt.pt\/index.php?rest_route=\/wp\/v2\/pages\/1397"}],"wp:attachment":[{"href":"https:\/\/diinews.ismt.pt\/index.php?rest_route=%2Fwp%2Fv2%2Fmedia&parent=2503"}],"curies":[{"name":"wp","href":"https:\/\/api.w.org\/{rel}","templated":true}]}}