{"id":2314,"date":"2018-01-26T18:32:39","date_gmt":"2018-01-26T18:32:39","guid":{"rendered":"http:\/\/diinews.ismt.pt\/?page_id=2314"},"modified":"2019-03-12T03:01:12","modified_gmt":"2019-03-12T03:01:12","slug":"publicacoes-atas-de-congresso-ciipso","status":"publish","type":"page","link":"https:\/\/diinews.ismt.pt\/?page_id=2314&lang=pt","title":{"rendered":"Atas de congressos"},"content":{"rendered":"<h1><strong>2019<\/strong><\/h1>\n<p>Amador, L., Marques, C., Espirito-Santo, H., Duarte, C., &amp;\u00a0Lemos, L.\u00a0(2019).\u00a0<a href=\"https:\/\/www.morressier.com\/article\/11--study-relationship-behavior-selfconcept-attachment-institutionalized-children\/5c642be09ae8fb00131ce957\"><em>Study of the relationship of behavior, self-concept,\u00a0<\/em>and<em>\u00a0attachment on institutionalized children<\/em><\/a> [Resumo de p\u00f3ster no 26th European Congress of Psychiatry, Nice].<\/p>\n<p>Costa, M. L., Amaral, I., &amp; Daniel, F. (2019). The contribution of information design to age-friendly cities: A case study on Coimbra and public transport. <em>Advances in Intelligent Systems and Computing, 777<\/em>. https:\/\/doi.org\/10.1007\/978-3-319-94706-8_52<\/p>\n<p>Coutinho, L., Cunha, M., Dias, O.,\u00a0Massano-Cardoso, I., &amp; Galhardo, A. (2019). <em><a href=\"https:\/\/www.morressier.com\/article\/05--interpersonal-reactivity-index-adolescents-version-factor-structure-psychometric-properties\/5c642bed9ae8fb00131cf87d\">05 &#8211; Interpersonal reactivity index adolescents version: Factor structure and psychometric properties<\/a>\u00a0<\/em>[Resumo de p\u00f3ster no 26th European Congress of Psychiatry, Nice].<\/p>\n<p>Cunha, M., Dias, O.,\u00a0Galhardo, A., &amp; Massano-Cardoso, I. (2019).\u00a0<a href=\"https:\/\/www.morressier.com\/article\/04--humiliation-emotional-experiences-emotion-regulation-processes-adolescents\/5c642bdc9ae8fb00131ce5ba\"><em>14 &#8211; Humiliation in adolescence: is there a relationship with early negative experiences, aggressiveness, revenge <\/em><\/a>and<em> paranoia?\u00a0<\/em>[Resumo de p\u00f3ster no 26th European Congress of Psychiatry, Nice].<\/p>\n<p>Cunha, M., Pereira, J. R., Galhardo, A., &amp; Carvalho, T. (2019). <a href=\"https:\/\/www.morressier.com\/article\/14--humiliation-adolescence-relationship-early-negative-experiences-aggressiveness-revenge-paranoia\/5c642be09ae8fb00131ce960\"><em>04 &#8211; Humiliation, emotional experiences and emotion regulation processes in adolescents<\/em><\/a> [Resumo de p\u00f3ster no 26th European Congress of Psychiatry, Nice].<\/p>\n<p>Daniel, F.,\u00a0Massano-Cardoso, I.,\u00a0Galhardo, A., &amp; Barroso, I. (2019).\u00a0<a href=\"https:\/\/www.morressier.com\/article\/ambivalent-hostile-ageism\/5c643dcb9ae8fb00131f8de7\"><em>Ambivalent and hostile ageism<\/em><\/a> [Resumo de p\u00f3ster no 26th European Congress of Psychiatry, Nice].<\/p>\n<p>Dias, A. C., Sim\u00f5es, S., Queiroz Garcia, I., Duarte, C., Espirito-Santo, H., &amp;\u00a0Lemos, L.\u00a0(2019). <a href=\"https:\/\/www.morressier.com\/article\/15--intimate-partner-violence-attachment-early-maladaptive-schemas-among-victims\/5c642bec9ae8fb00131cf48b\"><em>Intimate partner violence: attachment and early maladaptive schemas among victims<\/em><\/a> [Resumo de p\u00f3ster no 26th European Congress of Psychiatry, Nice].<\/p>\n<p>Duarte, C., Madeira S\u00e9rio, C., Daniel, F., Lemos, L., &amp; Espirito-Santo, H. (2019). <em>Validation of the Geriatric Depression Scale in a sample of institutionalized older adults of the Portuguese population<\/em> [Resumo de p\u00f3ster no 26th European Congress of Psychiatry, Nice].<\/p>\n<p>Espirito-Santo, H., Duarte, C., Madeira S\u00e9rio, C., &amp; Lemos, L. (2019). <em><span lang=\"EN-US\">Validation of the Tripartite Scale of Self-Conscious Emotions in a sample of the Portuguese population<\/span> <\/em>[Resumo de p\u00f3ster no 26th European Congress of Psychiatry, Nice].<\/p>\n<p>Espirito-Santo, H., Duarte, C., Madeira S\u00e9rio, C., &amp; Lemos, L. (2019). <em>Validation of the Jasper\/Goldberg Adult ADD Screening Examination &#8211; Version 5.0 in a sample of the Portuguese population<\/em> [Resumo de p\u00f3ster no 26th European Congress of Psychiatry, Nice].<\/p>\n<p>Espirito-Santo, H., Madeira S\u00e9rio, C., Duarte, C., &amp; Lemos, L. (2019). <em>Prevalence of psychopathic traits in a sample of the Portuguese population<\/em> [Resumo de p\u00f3ster no 26th European Congress of Psychiatry, Nice].<\/p>\n<p>Espirito-Santo, H., Madeira S\u00e9rio, C., Duarte, C., &amp; Lemos, L. (2019). <em>Validation of the Severity of Dependence Scale-General (SDS-G) in a sample of the Portuguese population<\/em> [Resumo de p\u00f3ster no 26th European Congress of Psychiatry, Nice].<\/p>\n<p>Espirito-Santo, H., Madeira S\u00e9rio, C., Duarte, C., Cardoso Tom\u00e1zio, J., &amp; Lemos, L. (2019). <a href=\"https:\/\/www.morressier.com\/article\/video-gaming-correlates-video-gamers-profile\/5c643dce9ae8fb00131f9033\"><em>Video gaming correlates and video gamers profile<\/em><\/a>\u00a0[Resumo de p\u00f3ster no 26th European Congress of Psychiatry, Nice].<\/p>\n<p>Galhardo, A., Raimundo, E., Ferreira, C., &amp; Massano-Cardoso, I. (2019). <a href=\"https:\/\/www.morressier.com\/article\/social-media-disorder-scale-portuguese-version-factor-structure-psychometric-characteristics-college-students\/5c643dce9ae8fb00131f9039\"><em><span lang=\"EN-US\">Social Media Disorder Scale: Portuguese version factor structure and psychometric characteristics in college students<\/span><\/em><\/a> [Resumo de p\u00f3ster no 26th European Congress of Psychiatry, Nice].<\/p>\n<p>Galhardo, A., Loisas, B., Cunha, M., &amp; Massano-Cardoso, I. (2019). <a href=\"https:\/\/www.morressier.com\/article\/07--relationship-emotion-regulation-processes-criminal-antecedents-sample-male-inmates\/5c642be09ae8fb00131ce893\"><em>07 &#8211; The relationship between emotion regulation processes and criminal antecedents in a sample of male inmates<\/em><\/a> [Resumo de p\u00f3ster no 26th European Congress of Psychiatry, Nice].<\/p>\n<p>Galhardo, A., Loureiro, B., Massano-Cardoso, I., &amp; Cunha, M. (2019). <a href=\"https:\/\/www.morressier.com\/article\/05--assessing-nomophobia-portuguese-version-nomophobia-questionnaire\/5c642beb9ae8fb00131cf3c5\"><em>05 &#8211; Assessing nomophobia: the Portuguese version of the nomophobia questionnaire<\/em><\/a> [Resumo de p\u00f3ster no 26th European Congress of Psychiatry, Nice].<\/p>\n<p>Loisas, B., Cunha, M., \u00a0Massano-Cardoso, I., Matos, M., Steindl, S., \u00a0Creed, A., Galhardo, A. (2019).\u00a0<em><a href=\"https:\/\/www.morressier.com\/article\/07--relationship-emotion-regulation-processes-criminal-antecedents-sample-male-inmates\/5c642be09ae8fb00131ce893\">01 &#8211; <\/a><a href=\"https:\/\/www.morressier.com\/article\/01--protective-effect-selfcompassion-impact-early-shame-safeness-memories-later-depressive-symptoms-safe-affect\/5c642bec9ae8fb00131cf5b1\"><span lang=\"EN-US\">The protective effect of self-compassion on the impact of early shame and safeness memories on later depressive symptoms and safe affect\u00a0<\/span><\/a><\/em>[Resumo de p\u00f3ster no 26th European Congress of Psychiatry, Nice].<\/p>\n<p>Madeira S\u00e9rio, C., Queiroz Garcia, I., Lemos, L., Duarte, C., &amp; Espirito-Santo, H. (2019). <em>Self-criticism, external shame, and psychopathological symptoms: Is self-criticism a mediator between external shame and psychopathological symptoms in institutionalized women diagnosed with schizophrenia?<\/em> [Resumo de p\u00f3ster no 26th European Congress of Psychiatry, Nice].<\/p>\n<p>Viana, M., Duarte, C., Madeira S\u00e9rio, C., Lemos, L., &amp; Espirito-Santo, H. (2019). <em>Prevalence of poor sleep quality in a sample of the Portuguese population<\/em> [Resumo de p\u00f3ster no 26th European Congress of Psychiatry, Nice].<\/p>\n<h1><strong>2018\u00a0<\/strong><\/h1>\n<p>Albano, B. M. B.,\u00a0<strong>Matos, F. R. N.,<\/strong>\u00a0Massano, I. M. M. C., &amp;\u00a0Mesquita, R. F. (2018). <em>Proposi\u00e7\u00e3o de um perfil de compet\u00eancias para profissionais de marketing multin\u00edvel em Portugal. <\/em>Artigo apresentado no XLII Encontro da ANPAD \/ EnANPAD, Curitiba, Brasil. Anais do XLII Encontro da ANPAD \/ EnANP<\/p>\n<p>Alves, P., Cunha, L. S., Francisca, L., &amp; Marques, M. (2018). Implica\u00e7\u00f5es psicol\u00f3gicas na situa\u00e7\u00e3o de cat\u00e1strofe em bombeiros. Abstracts from the 4\u00ba Congresso Ordem dos Psic\u00f3logos Portugueses | The Psychologist: <em>Practice &amp; Research Journal,<\/em>\u00a0Supplement 1(1), September 2018, S23.<\/p>\n<p>Amaral, J. Bernardo, F. Daniel (2018).\u00a0<a href=\"https:\/\/library.iated.org\/view\/AMARAL2018INF\"><u>Informal caregivers: Online and offline support.\u00a0<\/u><\/a><em>INTED2018 Proceedings<\/em>, 3507-3514 [Artigo no 12th International Technology, Education and Development Conference, Val\u00eancia]. https:\/\/doi.org\/<a href=\"http:\/\/dx.doi.org\/10.21125\/inted.2018.0676\"><u>10.21125\/inted.2018.0676<\/u><\/a><\/p>\n<p>Carvalho, A. D. T.,\u00a0<strong>Matos, F. R. N.,<\/strong>\u00a0Machado, D., &amp; Mesquita, R. F.\u00a0(2018). <em>Grupo semiaut\u00f3nomo (GSA) e qualidade de vida no trabalho (QVT): estudo de caso em uma pequena empresa portuguesa.<\/em>\u00a0Artigo apresentado no XXI Semin\u00e1rios em Administra\u00e7\u00e3o &#8211; SEMEAD \/ FEA \/ USP, 2018, S\u00e3o Paulo, Brasil. Anais do XXI SEMEAD.\u00a0<\/p>\n<p>Cunha, M., Figueiredo, C., Couto, M., &amp; Galhardo, A. (2018). Compassion attributes and actions in adolescents: are they related to affect and peer attachment quality?<em>BMC Health Services Research<\/em>, <em>18<\/em>(Suppl 2) O110 doi.org\/10.1186\/s12913-018-3444-8<\/p>\n<p>Cunha, M., Xavier, A., &amp; Pinto-Gouveia, J.\u00a0(2018). PW0168 &#8211;\u00a0<a href=\"http:\/\/repositorio.ismt.pt\/handle\/123456789\/844\"><u>Negative emotional memories and depressive symptoms in adolescence: Can self-reassurance play a protective role?<\/u><\/a>[Resumo de p\u00f3ster no 26th European Congress of Psychiatry, Nice].\u00a0<em>European Psychiatry, 48<\/em>(Suppl.), S198. https:\/\/doi.org\/10.1016\/j.eurpsy.2017.12.010<\/p>\n<p>Esp\u00edrito-Santo, H., Tom\u00e1zio, J., Massano-Cardoso, I., &amp; Daniel, F. (2018).\u00a0<a href=\"http:\/\/repositorio.ismt.pt\/handle\/123456789\/845\"><u>EV0883 &#8211; Problem video game playing scale Portuguese version<\/u><\/a> [Resumo de p\u00f3ster no 26th European Congress of Psychiatry, Nice].\u00a0<em>European Psychiatry, 48<\/em>(Suppl.), S737. https:\/\/doi.org\/10.1016\/j.eurpsy.2017.12.010<\/p>\n<p>Ferreirinha, C., Galhardo, A., Cunha, M., &amp; Massano-Cardoso, J. (2018). Inflexibilidade psicol\u00f3gica na endometriose: Vers\u00e3o portuguesa da Psychological Inflexibility in Pain Scale (PIPS-PT). <em>The Psychologist: Practice and Research Journal, 1<\/em>(Suppl. 1), S99.<\/p>\n<p>Figueiredo, H.,\u00a0<strong>Matos, F. R. N.,<\/strong>\u00a0Mesquita, R. F., Fernandes, A. J., &amp; Albuquerque, I. N. M. (2018) . <em>Motiva\u00e7\u00e3o e qualidade de vida no trabalho no sector hoteleiro<\/em>. Artigo apresentado no TMS Algarve 2018 Management Studies, International Conference, 2018, Olh\u00e3o, Portugal. Book of Abstracts TMS Algarve 2018, 2018.\u00a0<\/p>\n<p>Galhardo, A. (2018). Surrogacy in Portugal &#8211; from struggle to accomplishment. <em>Human Reproduction, 33<\/em>, Supplement 1, i-73, <a href=\"https:\/\/www.eshre.eu\/ESHRE2018\/Programme.aspx\">https:\/\/www.eshre.eu\/ESHRE2018\/Programme.aspx<\/a><\/p>\n<p>Galhardo, A., Alves, J., Moura-Ramos, M., &amp; Cunha, M. (2018). The unwillingness to be in contact with the painful experience of infertility: experiential avoidance as a mediator in relationship between infertility-related stress and depressive symptoms. <em>Human Reproduction, 33<\/em>, Supplement 1, i-390, <a href=\"https:\/\/www.eshre.eu\/ESHRE2018\/Programme.aspx\">https:\/\/www.eshre.eu\/ESHRE2018\/Programme.aspx<\/a><\/p>\n<p>Galhardo, A.,\u00a0Anast\u00e1cio, S.,\u00a0Cunha, M., &amp;\u00a0Massano-Cardoso, I. (2018).\u00a0<a href=\"http:\/\/repositorio.ismt.pt\/handle\/123456789\/846\"><u>EV0495 &#8211; Coimbra obsessive inventory \u2013 Short version (COI-SV): Development, factor structure and psychometric properties<\/u><\/a>[Resumo de p\u00f3ster no 26th European Congress of Psychiatry, Nice].\u00a0<em>European Psychiatry, 48<\/em>(Suppl.), S612. https:\/\/doi.org\/10.1016\/j.eurpsy.2017.12.010<\/p>\n<p>Galhardo, A., Carvalho, B., Massano-Cardoso, I., &amp; Cunha, M. (2018). Teachers Acceptance and Action Questionnaire Portuguese version (TAAQ-PT): Factor structure and psychometric characteristics. <em>BMC Health Services Research, 18, <\/em>S2. Leiria.\u00a0<u><a href=\"https:\/\/doi.org\/10.1186\/s12913-018-3444-8\">https:\/\/doi.org\/10.1186\/s12913-018-3444-8<\/a><\/u><\/p>\n<p><u><\/u>Galhardo, A., Cunha, M., &amp; Pinto-Gouveia, J. (2018). A seven-year follow-up study on the Mindfulness Based Program for Infertility (MBPI) (p. 30). Open Symposium OS8: Psychosocial interventions in fertility care. <em>Book of Abstracts of the 9th Congress of the European Society on Family Relations<\/em>, Porto, Portugal.<\/p>\n<p>Galhardo, A., Santos, D., Massano-Cardoso, I., Cunha, M.\u00a0(2018).\u00a0<a href=\"http:\/\/repositorio.ismt.pt\/handle\/123456789\/847\"><u>PW0605 &#8211; Development of the Padua Inventory Short Form (PI-SF): Factor structure and psychometric properties<\/u><\/a>\u00a0[Resumo de p\u00f3ster no 26th European Congress of Psychiatry, Nice].\u00a0<em>European Psychiatry, 48<\/em>(Suppl.), S350. https:\/\/doi.org\/10.1016\/j.eurpsy.2017.12.010<\/p>\n<p>Larsimont, A. D. S. M. C.,\u00a0Mesquita, R. F., Xavier, A. M., &amp;\u00a0<strong>Matos, F. R. N. <\/strong>(2018). <em>Estrat\u00e9gias participativas de mulheres camponesas em contextos da ind\u00fastria de minera\u00e7\u00e3o. <\/em>Artigo apresentado no XLII Encontro da ANPAD \/ EnANPAD, Curitiba, Brasil. Anais do XLII Encontro da ANPAD \/ EnANPAD.<\/p>\n<p>Massano-Cardoso, I., Galhardo, A., Daniel, F., &amp; Rodrigues, V.\u00a0(2018).\u00a0<a href=\"http:\/\/repositorio.ismt.pt\/handle\/123456789\/848\"><u>PW0704 &#8211; Is there a relationship between adherence to therapy and depressive symptoms in people facing type 1 and type 2 diabetes?\u00a0<\/u><\/a>[Resumo de p\u00f3ster no 26th European Congress of Psychiatry, Nice].\u00a0<em>European Psychiatry, 48<\/em>(Suppl.), S383. https:\/\/doi.org\/10.1016\/j.eurpsy.2017.12.010<\/p>\n<p>Massano-Cardoso, I., Galhardo, A., Daniel, F., &amp; Rodrigues, V.\u00a0(2018).\u00a0<a href=\"http:\/\/repositorio.ismt.pt\/handle\/123456789\/849\"><u>PW0705 &#8211; Gender differences in self-esteem and quality of life among patients with type 2 diabetes\u00a0<\/u><\/a>[Resumo de p\u00f3ster no 26th European Congress of Psychiatry, Nice].\u00a0<em>European Psychiatry, 48<\/em>(Suppl.), S383. https:\/\/doi.org\/10.1016\/j.eurpsy.2017.12.010<\/p>\n<p>Moura-Ramos, M., Galhardo, A., Pereira, A., Santos, F., &amp; Martins, M.V. (2018). A narrative review of Gestational the perceptions of the use of GC in Portugal: Bridging current legal context and implications for the role of the counsellor\/psychologist (p.29). Open Symposium OS8: Psychosocial interventions in fertility care. <em>Book of Abstracts of the 9th Congress of the European Society on Family Relations<\/em>, Porto, Portugal.<\/p>\n<p>Ornelas, M. G. R.,\u00a0Mesquita, R. F.,\u00a0<strong>Matos, F. R. N.,<\/strong> &amp; Baptista, M. M. (2017). <em>Reaching for the moon&#8217;: an observational study on the invisibility of women in city urbanization.<\/em> Artigo apresentado no II Congresso Internacional sobre Interdisciplinaridade em Ci\u00eancias Sociais e Humanas, 2017, Faro, Portugal Anais do II Congresso Internacional sobre Interdisciplinaridade em Ci\u00eancias Sociais e Humanas.<\/p>\n<p>Pinto-Gouveia, J., Duarte, C., Carvalho, S., Palmeira, L. Castilho, P., Ferreira, C., Duarte, J., Cunha, M., Matos, M., &amp; Costa, J. (March, 2018). Changes in depression and quality of life after a mindfulness, compassion and values-based intervention for BED \u2013 Who may benefit the most? <em>European Psychiatry, 48<\/em>, p. 270.<\/p>\n<p>Pires, I. M. D.,\u00a0<strong>Matos, F. R. N.,<\/strong>\u00a0Mesquita, R. F., &amp; Pocinho, M. T. S. (2018). <em>Conflito organizacional na perspetiva de gestores portugueses<\/em>. Artigo apresentado no XXI Semin\u00e1rios em Administra\u00e7\u00e3o &#8211; SEMEAD \/ FEA \/ USP, 2018, S\u00e3o Paulo, Brasil. Anais do XXI SEMEAD.\u00a0<\/p>\n<p>Tom\u00e1s, A. L. P.,\u00a0<strong>Matos, F. R. N.,<\/strong>\u00a0Mesquita, R. F., Ornelas, M. G. R., &amp; Silva, D. P. (2018). <em>Gest\u00e3o de conflitos e satisfa\u00e7\u00e3o dos trabalhadores: estudo em uma empresa armazenista da Zona Centro.<\/em> Artigo apresentado no TMS Algarve 2018 Management Studies, International Conference, 2018, Olh\u00e3o, Portugal. Book of Abstracts TMS Algarve 2018, 2018.<\/p>\n<h1><strong>2017\u00a0<\/strong><\/h1>\n<p>Arriaga, S., Garcia, R., Amaral, I., &amp; Daniel, F. (2017). <a href=\"https:\/\/doi.org\/10.21125\/inted.2017.1109\">Bullying, cyberbullying and social support: a study in a Portuguese school<\/a>. In I<em>NTED2017: 11Th International Technology, Education And Development Conference, Book Series:\u00a0<\/em><em>INTED2017 Proceedings<\/em> (pp. 4746\u20134755). https:\/\/doi.org\/10.21125\/inted.2017.1109<\/p>\n<p>Arriaga, S., Nunes, T., Amaral, I., &amp; Daniel, F. (2017).\u00a0<a href=\"http:\/\/dx.doi.org\/10.21125\/inted.2017.1114\"><u>Impact of online and offline activism on social skills<\/u><\/a>. I<em>NTED2017: 11Th International Technology, Education And Development Conference, Book Series: Inted Proceedings,\u00a0<\/em>4766-4774 (9). https:\/\/doi.org\/10.21125\/inted.2017.1114<\/p>\n<p>Cunha, M., Costa, R., Palmeira, L., Couto, M., &amp; Galhardo, A. (2017).\u00a0<a href=\"https:\/\/www.sciencedirect.com\/science\/article\/pii\/S0924933817319466\"><u>Assessing discomfort and avoidance of social situations due to weight and physical appearance in adolescents: An exploratory factor analysis of a new measure.<\/u><\/a><em>European Psychiatry, 41<\/em>(Suppl.), S126. https:\/\/doi.org\/10.1016\/j.eurpsy.2017.01.1931<\/p>\n<p>Cunha, M., Parente, L., Galhardo, A., &amp; Couto, M. (2017).<a href=\"https:\/\/www.sciencedirect.com\/science\/article\/pii\/S0924933817310933\"><u>Self-compassion, well-being and health in elderly: Are there related?<\/u><\/a><em>European Psychiatry, 41<\/em>(Suppl.), S641. https:\/\/doi.org\/ 10.1016\/j.eurpsy.2017.01.1078<\/p>\n<p>Cunha, M., Rodrigues, C., Matos, M., Galhardo, A., &amp; Couto, M. (2017).\u00a0<a href=\"https:\/\/www.sciencedirect.com\/science\/article\/pii\/S0924933817304388\"><u>Compassionate Attributes and Action Scale for Adolescents: adaptation and validation (EV0094).<\/u><\/a><em>European Psychiatry, 41<\/em>(Suppl.), S43. https:\/\/doi.org\/ 10.1016\/j.eurpsy.2017.01.423<\/p>\n<p>Daniel, F., Antunes, A., Guadalupe, S., Massano-Cardoso, I., &amp; Vicente, H. (2017).\u00a0<a href=\"http:\/\/www.europsy-journal.com\/article\/S0924-9338(17)30316-4\/fulltext?cc=y\"><u>Resilient coping and social networks in old age.\u00a0<\/u><\/a><em>European Psychiatry, 41<\/em>(Suppl.), S100\u2013S101, Published in the issue: April 2017.\u00a0\u00a0https:\/\/doi.org\/10.1016\/j.eurpsy.2017.01.311<\/p>\n<p>Daniel, F., Ferreira, A., Esp\u00edrito-Santo, H., Monteiro, R., &amp; Massano-Cardoso, I. (2017).\u00a0<a href=\"https:\/\/doi.org\/10.1016\/j.eurpsy.2017.01.1222\"><u>Quality of life related to the health and socio-economic resources of the elderly<\/u><\/a>[Abstract of Poster presented at the 25th European Congress of Psychiatry, Floren\u00e7a].\u00a0<em>European Psychiatry, 41<\/em>(Suppl.), S694\u2013S695. https:\/\/doi.org\/10.1016\/j.eurpsy.2017.01.1222<\/p>\n<p>Daniel, F., Ferreira, J., &amp; Monteiro, R. (2017).\u00a0<a href=\"http:\/\/dx.doi.org\/10.14198\/altern2017.24.04\"><u>Propriedades psicom\u00e9tricas da Geriatric Social Work Competencies Scale II.\u00a0<\/u><\/a><em>Alternativas. Cuadernos de Trabajo Social,\u00a0<\/em>(24). https:\/\/doi.org\/10.14198\/altern2017.24.04<\/p>\n<p>Galhardo, A., Carvalho, B., &amp; Cunha, M. (2017). The Portuguese version of the Teacher Acceptance and Action Questionnaire: Preliminary data (p. 72). <em>Atas do Annual World Conference 15 of the Association for Contextual and Behavioral Science<\/em>(ACBS), Sevilha, Espanha.<a href=\"https:\/\/contextualscience.org\/wc15_posters#p3\">https:\/\/contextualscience.org\/wc15_posters#p3<\/a><\/p>\n<p>Galhardo, A. Cunha, M., &amp; Pinto-Gouveia, J. (2017).\u00a0<a href=\"https:\/\/academic.oup.com\/humrep\/article-abstract\/32\/suppl_1\/i1\/3926642?redirectedFrom=fulltext\"><u>Long-term effects of the Mindfulness Based Program for Infertility (MBPI): A seven-year follow-up study.<\/u><\/a>\u00a0<em>Human Reproduction, Vol.32, Supplement 1<\/em>, pp. i-390-i391, July 2011<\/p>\n<p>Galhardo, A., Cunha, M., &amp; Pinto-Gouveia, J. (2017). <a href=\"https:\/\/contextualscience.org\/wc15_symposium_detail#Sunday\">The <\/a>Mindfulness Based Program for Infertility (MBPI): A Seven-Year Follow-up Study (p. 107). <em>Atas do Annual World Conference 15 of the Association for Contextual and Behavioral Science<\/em>(ACBS), Sevilha, Espanha. <a href=\"https:\/\/contextualscience.org\/wc15_symposium_detail#Sunday\">https:\/\/contextualscience.org\/wc15_symposium_detail#Sunday<\/a><\/p>\n<p>Carolino, N., Galhardo, A., Moura-Ramos, M., Cunha, M., &amp; Monteiro, B. (2017).\u00a0<a href=\"https:\/\/www.sciencedirect.com\/science\/article\/pii\/S0924933817316942\"><u>Sperm donation from a male perspective.\u00a0<\/u><\/a><em>European Psychiatry, 41<\/em>(pp.S1-S910), S845. https:\/\/doi.org\/10.1016\/j.eurpsy.2017.01.1679<\/p>\n<p>Galhardo, A., Pinto-Gouveia, J., Cunha, M., &amp; Massano-Cardoso, I. (2017).\u00a0<a href=\"https:\/\/www.sciencedirect.com\/science\/article\/pii\/S0924933817302304\"><u>Assessing obsessive-compulsive symptoms: The Portuguese version of the Padua Inventory.\u00a0<\/u><\/a><em>European Psychiatry, 41<\/em>(Suppl.), S570. https:\/\/doi.org\/10.1016\/j.eurpsy.2017.01.225<\/p>\n<p>Lucas, A. R., Daniel, F., Guadalupe, S., Massano-Cardoso, I., &amp; Vicente, H.\u00a0(2017).\u00a0<a href=\"https:\/\/www.sciencedirect.com\/science\/article\/pii\/S0924933817302304\"><u>Time spent in retirement, health and well-being<\/u><\/a>.\u00a0<em>European Psychiatry<\/em>, <em>41<\/em>(Suppl.). https:\/\/doi.org\/10.1016\/j.eurpsy.2017.02.298<\/p>\n<p>Monteiro, B., Galhardo, A., Cunha, M., Couto, M., Fonseca, F., &amp; Abreu, L. (2017). <a href=\"https:\/\/contextualscience.org\/wc15_posters#p2\">The Development of a mindfulness mobile app targeting people facing infertility: The MindfulSpot<\/a> (p. 63). <em>Atas do Annual World Conference 15 of the Association for Contextual and Behavioral Science<\/em>(ACBS), Sevilha, Espanha. <a href=\"https:\/\/contextualscience.org\/wc15_posters#p2\">https:\/\/contextualscience.org\/wc15_posters#p2<\/a><\/p>\n<p>Pimentel, S., Cunha, M., Galhardo, A., &amp; Couto, M. (2017).\u00a0<a href=\"https:\/\/doi.org\/10.1016\/j.eurpsy.2017.01.1566\"><u>Validation of the Delusional Ideation Inventory for the Portuguese population<\/u><\/a>.\u00a0<em>European Psychiatry, 41<\/em>(pp.S1-S910), 123. https:\/\/doi.org\/ 10.1016\/j.eurpsy.2017.01.1566<\/p>\n<p>Pinto-Gouveia, J., Carvalho, S., Palmeira, L., Castilho, P., Duarte, C., Ferreira, C., Duarte, J., Cunha, M., Matos, M., &amp; Costa, J. (2017).<a href=\"http:\/\/onlinelibrary.wiley.com\/doi\/10.1002\/cpp.2072\/abstract\"><u>BEfree: a new psychological program for binge eating that integrates psychoeducation, mindfulness and compassion.\u00a0<em>Clinical Psychology &amp; Psychotherapy.<\/em><\/u><\/a>\u00a0https:\/\/doi.org\/10.1002\/cpp.2072 [accepted on Dec 23rd, 2016]<\/p>\n<p>Silva, J., Cunha, M., Galhardo, A., Couto, M., &amp; Massano-Cardoso, I. (2017).\u00a0<a href=\"https:\/\/www.researchgate.net\/publication\/316919153_Assessment_of_test_anxiety_in_Portuguese_adolescents_Psychometric_properties_of_the_Cognitive_Test_Anxiety_Revised_CTAR25\"><u>Assessment of test anxiety in Portuguese adolescents: Psychometric properties of the Cognitive Test Anxiety Revised (CTAR25).<\/u><\/a>\u00a0<em>European Psychiatry, 41<\/em>(Suppl.), S434. https:\/\/doi.org\/10.1016\/j.eurpsy.2017.01.424<\/p>\n<p>Xavier, A., Pinto-Gouveia, J., Cunha, M., &amp; Dinis, A. (2017).\u00a0<a href=\"https:\/\/link.springer.com\/article\/10.1007\/s10566-017-9406-1\"><u>Longitudinal pathways for the maintenance of non-suicidal self-injury in adolescence: The pernicious blend of depressive symptoms and self-criticism.\u00a0<\/u><\/a><em>Child and Youth Care Forum<\/em>. https:\/\/doi.org\/10.1007\/s10566-017-9406-1 FI: 1.054. (Published online: 22 May 2017).<\/p>\n<h1><strong>2016\u00a0<\/strong><\/h1>\n<p>Alvarez, M., Pereira, P., Manco, L., Cherpe, S., Cunha, M., Pinto-Gouveia, J., &amp; Mota, P. G. (2016).\u00a0<a href=\"https:\/\/www.eshg.org\/fileadmin\/www.eshg.org\/conferences\/2016\/downloads\/ESHG2016_Abstracts_final.pdf\"><u>Association of serotonin transporter gene polymorphisms (5-HTTLPR and rs 25531) and life-histories with psychopathology vulnerability profiles: a study performed with healthy young adults<\/u><\/a>.\u00a0<em>European Journal of Human Genetics<\/em>, 24E- Supplement 1 pp. 211.<\/p>\n<p>Amaral, I &amp; Daniel, F (2016).\u00a0<a href=\"http:\/\/www.springer.com\/la\/book\/9783319399485\"><u>Ageism and It: Social representations, exclusion and citizenship in the digital age. Human aspects of It for the aged population: Healthy and active aging<\/u><\/a>,\u00a0<em>Itap 2016, Pt Ii, Book Series: Lecture Notes in Computer Science, 9755,<\/em>159-166 (8). https:\/\/doi.org\/10.1007\/978-3-319-39949-2_15<\/p>\n<p>Bizarro, C., Cunha, M., Amorim, A. P., Couto, M., Galhardo, A., &amp; Silva, E. (2016).\u00a0<a href=\"https:\/\/www.researchgate.net\/publication\/303339552_Psychotherapeutic_intervention_in_addiction_disorders_change_in_psychopathological_symptoms_and_emotional_states\"><u>Psychotherapeutic intervention in addiction disorders: change in psychopathological symptoms and emotional states<\/u><\/a>. [Abstract].\u00a0<em>BMC Health Care Services Research, Suppl 3<\/em>(O90), 48. https:\/\/doi.org\/ 10.1186\/s12913-016-1423-5<\/p>\n<p>Cardoso, S., Palmeira, L., Cunha, M., &amp; Pinto-Gouveia, J. (2016).\u00a0<a href=\"https:\/\/www.researchgate.net\/publication\/303923370_Assessing_weight-related_Psychological_Inflexibility_An_exploratory_factor_analysis_of_the_AAQW%27s_Portuguese_version\"><u>Assessing weight-related Psychological Inflexibility: An exploratory factor analysis of the AAQW\u2019s Portuguese version<\/u><\/a>.\u00a0<em>BMC Health Care Services Research, Suppl. 3\u00a0<\/em>(P81), pp.92. https:\/\/doi.org\/ 10.1186\/s12913-016-1423-5<\/p>\n<p>Carolino, N., Galhardo, A., Moura-Ramos, M., &amp; Cunha, M. (2016).\u00a0<a href=\"https:\/\/www.sciencedirect.com\/science\/article\/pii\/S0924933816015832\"><u>What young adults know about the factors that affect fertility?<\/u><\/a>\u00a0<em>European Psychiatry, 33<\/em>, S435. https:\/\/doi.org\/110.1016\/j.eurpsy.2016.01.1579<\/p>\n<p>Carvalho, T., Cunha, M., &amp; Pinto-Gouveia, J. (2016).\u00a0<a href=\"https:\/\/www.researchgate.net\/publication\/317007274_Assessment_of_Social_Support_During_Deployment_in_Portuguese_Colonial_War_Veterans\"><u>Assessment of social support during deployment in Portuguese colonial war veterans<\/u><\/a>.\u00a0<em>BMC Health Care Services Research, Suppl. 3<\/em>(P5), pp.23. https:\/\/doi.org\/ 10.1186\/s12913-016-1423-5<\/p>\n<p>Carvalho, T., Pinto-Gouveia, J., &amp; Cunha, M. (2016).\u00a0<a href=\"https:\/\/www.researchgate.net\/publication\/303339728_Assessment_of_the_War-related_Perceived_Threat_in_Portuguese_Colonial_War_Veterans\"><u>Assessment of the war-related perceived threat in Portuguese colonial war veterans.<\/u><\/a><em>BMC Health Care Services Research, Suppl. 3<\/em>(O147), pp.78. https:\/\/doi.org\/ 10.1186\/s12913-016-1423-5<\/p>\n<p>Cunha, M., Almeida, R., Cherpe, S., Sim\u00f5es, S., &amp; Marques, M. (2016).\u00a0<a href=\"https:\/\/www.sciencedirect.com\/science\/article\/pii\/S0924933816001929\"><u>A longitudinal approach to the contribution of trauma and external shame on depressive symptoms in adolescence<\/u><\/a>.\u00a0<em>European Psychiatry, 33, Supplement<\/em>, S129-S130. https:\/\/doi.org\/10.1016\/j.eurpsy.2016.01.188<\/p>\n<p>Cunha, M., Andrade, D., Galhardo, A., &amp; Couto, M. (2016).\u00a0<a href=\"https:\/\/www.researchgate.net\/publication\/303339636_Assessment_of_early_memories_of_warmth_and_safeness_in_interaction_with_peers_its_relationship_with_psychopathology_in_adolescence\"><u>Assessment of early memories of warmth and safeness in interaction with peers: its relationship with psychopathology in adolescence.<\/u><\/a><em>BMC Health Care Services Research, Suppl. 3<\/em>(O143), 7. https:\/\/doi.org\/ 10.1186\/s12913-016-1423-5<\/p>\n<p>Cunha, M., Mendes, J., Xavier, A., Galhardo, A., &amp; Couto, M. (2016).\u00a0<a href=\"https:\/\/www.researchgate.net\/publication\/303340800_Negative_childhood_experiences_and_fears_of_compassion_Implications_for_psychological_difficulties_in_adolescence\"><u>Negative childhood experiences and fears of compassion: Implications for psychological difficulties in adolescence.<\/u><\/a><em>BMC Health Care Services Research, Suppl. 3\u00a0<\/em>(O3), pp. https:\/\/doi.org\/ 10.1186\/s12913-016-1423-5<\/p>\n<p>Galhardo, A., Cunha, M., &amp; Pinto-Gouveia, J. (2016).<a href=\"https:\/\/www.sciencedirect.com\/science\/article\/pii\/S0924933816019222\"><u>Acceptability and feasibility of the mindfulness based program for infertility (PBMI).\u00a0<\/u><\/a><em>European Psychiatry, 33, Supplement<\/em>, S647. https:\/\/doi.org\/10.1016\/j.eurpsy.2016.01.1918<\/p>\n<p>Esp\u00edrito Santo, H., Lemos, L., Sim\u00f5es, S., Guadalupe, S., &amp; Daniel, F. (3-6, mar\u00e7o, 2016).\u00a0<a href=\"https:\/\/doi.org\/10.1016\/j.eurpsy.2016.01.530\"><u>EW412 \u2014 The temporal evolution of life satisfaction in institutionalized elderly: A longitudinal study\u00a0<\/u><\/a>[Abstract of\u00a0Poster presented at the\u00a024th European Congress of Psychiatry, Madrid].\u00a0<em>European Psychiatry<\/em>,\u00a0<em>33,\u00a0<\/em>S218. https:\/\/doi.org\/10.1016\/j.eurpsy.2016.01.530.<\/p>\n<p>Lemos, L., Esp\u00edrito Santo, H., Sim\u00f5es, S., Silva, F., Galhardo, J., Oliveira, M., Costa, M., Martins, S., &amp; Daniel, F. (3-6, mar\u00e7o, 2016).\u00a0<a href=\"https:\/\/www.researchgate.net\/publication\/297739626_EW470_-_A_neuropsychological_group_rehabilitation_program_with_institutionalized_elderly\"><u>EW470 \u2014 A neuropsychological group rehabilitation program with institutionalized elderly<\/u><\/a>[Abstract of\u00a0Poster presented at the\u00a024th European Congress of Psychiatry, Madrid].\u00a0<em>European Psychiatry<\/em>,\u00a0<em>33,\u00a0<\/em>S235. https:\/\/doi.org\/10.1016\/j.eurpsy.2016.01.588.<\/p>\n<p>Massano-Cardoso, I., Galhardo, A., Daniel, F., &amp; Rodrigues, V. (2016).\u00a0<a href=\"https:\/\/doi.org\/10.1186\/s12913-016-1423-5\"><u>Quality of life and self-esteem in type 1 and type 2 diabetes mellitus patients. \u00a0<\/u><\/a><em>3rd International\u00a0Health Congress. Leiria, BMC Health Services Research, 16<\/em>(3), 62.\u00a0https:\/\/doi.org\/10.1186\/s12913-016-1423-5<\/p>\n<p>Monteiro, B., Galhardo, A., Cunha, M., Couto, M., Fonseca, F., &amp; Carvalho, L. (2016).\u00a0<a href=\"https:\/\/www.sciencedirect.com\/science\/article\/pii\/S0924933816022835\"><u>MindfulSpot: A mindfulness mobile app for people dealing with infertility<\/u><\/a>.\u00a0<em>European Psychiatry, 33, Supplement<\/em>, S609-S610. https:\/\/doi.org\/10.1016\/j.eurpsy.2016.01.2279<\/p>\n<p>Teixeira, I., Sim\u00f5es, S., Marques, M., Esp\u00edrito Santo, H., &amp; Lemos, L. (3-6, mar\u00e7o, 2016).\u00a0<a href=\"https:\/\/doi.org\/10.1016\/j.eurpsy.2016.01.702\"><u>EW584 \u2014 Self-criticism and self-compassion role in the occurrence of insomnia on college students<\/u><\/a>[Abstract of\u00a0Poster presented at the 24th European Congress of Psychiatry, Madrid].\u00a0<em>European Psychiatry<\/em>,\u00a0<em>33,\u00a0<\/em>S268. https:\/\/doi.org\/10.1016\/j.eurpsy.2016.01.702.<\/p>\n<p>Palmeira, L., Garcia, T., Pinto-Gouveia, J., &amp; Cunha, M. (2016).\u00a0<a href=\"https:\/\/bmchealthservres.biomedcentral.com\/articles\/10.1186\/s12913-016-1423-5\"><u>The revised Portuguese version of the Three-Factor Eating Questionnaire: A Confirmatory Factor Analysis<\/u><\/a>.\u00a0<em>BMC Health Care Services Research, Suppl. 3<\/em>(P80), 92. https:\/\/doi.org\/ 10.1186\/s12913-016-1423-5<\/p>\n<p>Sequeira, J., Alarc\u00e3o, M., &amp; Carvalho, M. (2016). What changes in narratives in post-modern oriented systemic therapies? [Brief Communication]. <em>9<\/em><em><sup>th<\/sup><\/em><em>European Family Therapy Association, EFTA<\/em>. September 28<sup>th<\/sup>&#8211; October 1st, 2016, Athens.\u00a0<\/p>\n<p>Sequeira, J., Cerveira, C., Silva, M., Neves, S., Vicente, H., Esp\u00edrito Santo, E., &amp; Guadalupe, S. (2016.) <a href=\"http:\/\/www.efta2016athens.gr\">FACES IV, Translation and validation to the Portuguese Population. Results and future research directions<\/a> [Brief Communication]. <em>9<\/em><em><sup>th<\/sup><\/em><em>European Family Therapy Association, EFTA<\/em>. September 28<sup>th<\/sup>&#8211; October 1st, 2016, Athens.\u00a0<\/p>\n<p>Sequeira, J., Gaspar, F., &amp; Diana, C. (2016). <a href=\"http:\/\/www.ifta-congress.org\/docs\/Program%20Book_postconferencefinal.pdf\">Assessing narrative change in a parent group: the incredible <\/a>years basic parent program [Oral Presentation]. <em>24\u00ba <\/em>World Family Therapy Congress<em>,\u00a0<\/em>IFTA\u00a0<em>. <\/em><em>Interpersonal Interactions and Therapeutic Change<\/em><em>. <\/em>March 30 \u20132 April,\u00a0Kona, Hawaii.\u00a0<\/p>\n<p>Sequeira, J., Gaspar, F., &amp; Videira J. (2016). <a href=\"http:\/\/www.ifta-congress.org\/docs\/Program%20Book_postconferencefinal.pdf\"><em>Somatic complains in children and adolescents \u2013 Comorbilities, illness in the parental subsystem and family functioning<\/em><\/a>. Oral Presentation. <em>24\u00ba <\/em>World Family Therapy Congress<em>, <\/em>IFTA<em>. <\/em><em>Interpersonal Interactions and Therapeutic Change<\/em><em>. <\/em>March 30 \u20132 April, Kona, Hawaii.\u00a0<\/p>\n<p>Silva, E., Sim\u00f5es, S., Esp\u00edrito Santo, H., Marques, M., &amp; Lemos, L. (3-6, mar\u00e7o, 2016).<a href=\"https:\/\/doi.org\/10.1016\/j.eurpsy.2016.01.1501\"><u>EV516 \u2014 Mindfulness, self-compassion and spiritual well-being in chronic depression<\/u><\/a>[Abstract of\u00a0Poster presented at the\u00a024th European Congress of Psychiatry, Madrid].\u00a0<em>European Psychiatry<\/em>,\u00a0<em>33,\u00a0<\/em>S415. https:\/\/doi.org\/10.1016\/j.eurpsy.2016.01.1501. F<\/p>\n<p>Sim\u00f5es, D., Sim\u00f5es, S., Esp\u00edrito Santo, H., Sim\u00f5es, D., Marques, M., &amp; Lemos, L. (3-6, mar\u00e7o, 2016).\u00a0<a href=\"https:\/\/doi.org\/10.1016\/j.eurpsy.2016.01.1924\"><u>EV939 \u2014 Mental health, self-compassion, organizational virtuosity and commitment in workers from local administration<\/u><\/a>[Abstract of\u00a0Poster presented at the 24th European Congress of Psychiatry, Madrid].\u00a0<em>European Psychiatry<\/em>,\u00a0<em>33,\u00a0<\/em>S519-S520. https:\/\/doi.org\/0.1016\/j.eurpsy.2016.01.1924.<\/p>\n<p>Sousa, J., Marques, M., Jardim, J., Pereira, A., Sim\u00f5es, S., &amp; Cunha, M., (2016).\u00a0<a href=\"https:\/\/bmchealthservres.biomedcentral.com\/articles\/10.1186\/s12913-016-1423-5\"><u>Preliminary study of the adaptation and validation of Rating Scale of Resilient Self: Resilience, self-harm and suicidal ideation in adolescents.<\/u><\/a><em>BMC Health Care Services Research Suppl. 3<\/em>(O163), p.83. https:\/\/doi.org\/ 10.1186\/s12913-016-1423-5<\/p>\n<p>Xavier, A., Cunha, M., &amp; Pinto-Gouveia, J. (2016).\u00a0<a href=\"https:\/\/bmchealthservres.biomedcentral.com\/articles\/10.1186\/s12913-016-1423-5\"><u>Emotion regulation strategies and psychopathology symptoms: A comparison between adolescents with and without deliberate self-harm<\/u><\/a>.\u00a0<em>BMC Health Care Services Research, Suppl. 3<\/em>(O111), p. 61. https:\/\/doi.org\/10.1186\/s12913-016-1423-5<\/p>\n<p>Xavier, A., Pinto-Gouveia, J., &amp; Cunha, M. (2016).\u00a0<a href=\"https:\/\/link.springer.com\/article\/10.1007\/s12310-016-9197-9\"><u>The protective role of self-compassion on risk factors for non-suicidal self-injury in adolescence.<\/u><\/a><em>School Mental Health, 8<\/em>, 476-485. https:\/\/doi.org\/10.1007\/s12310-016-9197-9<\/p>\n<h1><strong>2015\u00a0<\/strong><\/h1>\n<p>Batista, R., Cunha, M., Galhardo, A., Couto, M., &amp; Massano-Cardoso, I. (2015).\u00a0<a href=\"https:\/\/www.sciencedirect.com\/science\/article\/pii\/S0924933815311688\"><u>Psychological adjustment to lung cancer: The role of self-compassion and social support.\u00a0<\/u><\/a><em>European Psychiatry, 30(<\/em>Sup. 1), 1511. https:\/\/doi.org\/10.1016\/S0924-9338(15)31168-8<\/p>\n<p>Cunha, M., Amado, R., Xavier, A., Couto, M., Galhardo, A., &amp; Massano-Cardoso, I. (2015).\u00a0<a href=\"https:\/\/www.sciencedirect.com\/science\/article\/pii\/S0924933815303370\"><u>Assessment of ruminative responses in Portuguese adolescents: Psychometric properties of the Ruminative Responses Scale (RRS-10).\u00a0<\/u><\/a><em>European Psychiatry, 30(<\/em>Sup.1), 430. https:\/\/doi.org\/10.1016\/S0924-9338(15) 30337-0<\/p>\n<p>Cunha, M., Mendes, S., Xavier, A., Galhardo, A., Couto, M., &amp; Massano-Cardoso, I. (2015).\u00a0<a href=\"http:\/\/www.europsy-journal.com\/article\/S0924-9338(15)30337-0\/abstract\"><u>Validation of the Youth Quality of Life Instrument for Portuguese Adolescents<\/u><\/a>.\u00a0<em>European Psychiatry, 30(<\/em>Suppl. 1), 429. https:\/\/doi.org\/10.1016\/S0924-9338(15)30337-0<\/p>\n<p>Cunha, M., Pereira, C., Galhardo, A., Couto, M., &amp; Massano-Cardoso, I. (2015).\u00a0<a href=\"https:\/\/www.sciencedirect.com\/science\/article\/pii\/S0924933815303369\"><u>Social anxiety in adolescents: The role of early negative memories and fear of compassion.\u00a0<\/u><\/a><em>European Psychiatry, 30(<\/em>Sup. 1), 428. https:\/\/doi.org\/10.1016\/S0924-9338(15)30336-9<\/p>\n<p>Gaspar, R., Fialho, P., Marques, M., Esp\u00edrito Santo, H., Sim\u00f5es, S., &amp; Castilho, P. (mar\u00e7o, 2015).\u00a0<a href=\"https:\/\/doi.org\/10.1016\/S0924-9338(15)32117-9\"><u>Parental rearing styles, selfcriticism and selfcompassion: parent\u2019s perception<\/u><\/a>. [Abstract of\u00a0Poster presented at the\u00a023rd European Congress of Psychiatry].\u00a0<em>European Psychiatry, 30<\/em>(S1), 1841. https:\/\/doi.org\/10.1016\/S0924-9338(15)32117-9<\/p>\n<p>Guadalupe, S., Gomes, P., Daniel, F., Cardoso, J., &amp; Vicente, H.T. (2015).\u00a0<a href=\"https:\/\/www.researchgate.net\/publication\/275893013_Personal_social_networks_of_Portuguese_childless_elder_people_and_older_parents\"><u>Personal social networks of Portuguese childless elder people and older parents.\u00a0<\/u><\/a>European Conference for Social Work Research (5<sup>th<\/sup>ECSWR 2015, Ljubljana).\u00a0<em>Re-visioning social work with individuals, collectives and communities: social work research.Program Book &amp; Book of Abstracts<\/em>. [Organized by] European Social Work Research Association, [editors Darja Zavirsek et al.]. Ljubljana: Fakulteta za socialno delo, p. 201.<\/p>\n<p>Guadalupe, S., Silva, L., Vicente, H.T., &amp; Daniel, F. (2015).\u00a0<a href=\"https:\/\/www.researchgate.net\/publication\/322487192_Similar_characteristics_of_social_personal_networks_between_lossy_and_lossless_Portuguese_elderly\"><u>Similar characteristics of social personal networks between lossy and lossless Portuguese elderly<\/u><\/a>.\u00a0<em>Social Work Education in Europe: towards 2025. Abstract book<\/em>. Org.: EASSW &#8211; European Association\u00a0of Schools of Social Work. Bicocca University, Milan, Italy, 29th June &#8211; 2nd July 2015., p. 137.<\/p>\n<p>Lima, M., Marques, M., Cunha, M., &amp; Esp\u00edrito Santo, H. (mar\u00e7o, 2015).\u00a0<a href=\"https:\/\/doi.org\/10.1016\/S0924-9338(15)30595-2\"><u>Depressive and anxious symptoms, stress, coping and resilience in probation officers\u00a0<\/u><\/a>[Abstract of\u00a0Poster presented at the 23rd European Congress of Psychiatry].\u00a0<em>European Psychiatry, 30<\/em>(S1), 753. https:\/\/doi.org\/10.1016\/S0924-9338(15)30595-2.<\/p>\n<p>Massano-Cardoso, I., Galhardo, A., Daniel, F., Cunha, M., Rodrigues, V., &amp; Carvalheiro, M. (2015).\u00a0<a href=\"http:\/\/www.europsy-journal.com\/article\/S0924-9338(15)30242-X\/abstract\"><u>Therapy Adherence Predictors in Type 2 Diabetes Mellitus<\/u><\/a>.\u00a0<em>European Psychiatry, 30<\/em>(Suppl. 1), 300. https:\/\/doi.org\/10.1016\/S0924-9338(15)30242-X<\/p>\n<p>Pereira, A., Daniel, F., Antunes, S., Pereira, A., Silva, A., Roque, C., \u2026 Soares, M. J. (2015).\u00a0<a href=\"https:\/\/www.sciencedirect.com\/science\/article\/pii\/S0924933815311391\"><u>Predictors of Loneliness in a Population of Elderly<\/u><\/a>.\u00a0<em>European Psychiatry, 30,<\/em>1469 (1). https:\/\/doi.org\/10.1016\/s0924-9338(15)31139-1<\/p>\n<p>Santos, A. I., Marques, M., Esp\u00edrito Santo, H., &amp; Cunha, M. (mar\u00e7o, 2015).\u00a0<a href=\"https:\/\/doi.org\/10.1016\/S0924-9338(15)30930-5\"><u>Parent\u2019s perception on sleep and internalizing\/externalizing behavior problems in children from six to eleven years old\u00a0<\/u><\/a>[Abstract of Poster presented at the 23rd European Congress of Psychiatry, Madrid].\u00a0<em>European Psychiatry, 30<\/em>(S1), 1176. https:\/\/doi.org\/10.1016\/S0924-9338(15)30930-5<\/p>\n<p>Sequeira, J. (2015). A mudan\u00e7a narrativa em terapias sist\u00e9micas. Estudo comparativo com o Sistema de Avalia\u00e7\u00e3o da Mudan\u00e7a Narrativa (SAMN) entre Sucessos versus Insucessos terap\u00eauticos. Mesa &#8211; La investigaci\u00f3n en terapia familiar. Ciencia y arte en evaluaci\u00f3n<strong>.\u00a0<\/strong><em>III Congresso Ib\u00e9rico de Terapia Familiar<\/em>. C\u00e1rceres, Espanha, 29, 30 de Outubro.\u00a0<\/p>\n<p>Silva, J., Guadalupe, S., Daniel, F., &amp; Vicente, H. T. (2015).\u00a0<a href=\"https:\/\/www.researchgate.net\/publication\/289825802_The_profiles_of_personal_social_networks_of_the_elderly_social_services_users_and_non-users_in_Portugal_guidelines_for_social_work_diagnosis\"><u>The profiles of personal social networks of the elderly, social services users and non-users, in Portugal: guidelines for social work diagnosis.\u00a0<\/u><\/a><em>Social Work Education in Europe: towards 2025. Abstract book<\/em>. Org.: EASSW &#8211; European Association\u00a0of Schools of Social Work. Bicocca University, Milan, Italy, 29th June &#8211; 2nd July 2015., p. 352.<\/p>\n<p>\u00a0<\/p>\n<h1><strong>2014\u00a0<\/strong><\/h1>\n<p>Carolino, L., Daniel, F., Guadalupe, S, Lemos, L., Testa-Vicente, H., Esp\u00edrito-Santo, H., &amp; Silva, A. (2014). 4<a href=\"http:\/\/www.health.ipleiria.pt\/files\/2014\/05\/Abstracts_Health@IPLeiria2014.pdf\"><u>03 \u2013 (In)dependence from a gender perspective: a study of elderly people with social care services<\/u><\/a>[Abstract of\u00a0Poster presented at the 2nd Congresso Internacional de Sa\u00fade do IPLeiria: Desafios &amp; Inova\u00e7\u00e3o em Sa\u00fade].\u00a0<em>Revista de Sa\u00fade P\u00fablica, 48<\/em>(n. esp.), 227.<\/p>\n<p>Carvalho, T., Cunha, M., &amp; Pinto-Gouveia, J. (2014).\u00a0<a href=\"http:\/\/www.rsp.fsp.usp.br\/RSPv048n.esp-congresso-book.pdf\"><u>Confirmatory Factor Analysis of the Portuguese Version of the Peritraumatic Dissociative Experiences Questionnaire.\u00a0<\/u><\/a><em>Revista de Sa\u00fade P\u00fablica, 48<\/em>(n.esp: 2nd IPLeiria Internacional Health Congress | Challenges &amp; Innovation in Health), 212.<\/p>\n<p>Cherpe, S., Cunha, M., Alvarez, M., &amp; PInto-Gouveia, J. (2014).\u00a0<a href=\"http:\/\/www.rsp.fsp.usp.br\/RSPv048n.esp-congresso-book.pdf\"><u>Trauma and Life Events: Contribution to a risk model of depressive symptoms in adolescents.<\/u><\/a><em>Revista de Sa\u00fade P\u00fablica, 48(<\/em>esp), 2nd IPLeiria Internacional Health Congress | Challenges &amp; Innovation in Health), 568.<\/p>\n<p>Couto, M., Farate, C., Ramos, S., &amp; Fleming, M. (2014, Setembro). <a href=\"http:\/\/www.congreso2014.fepal.org\/pt\/descargas\/PROGRAMA\/PROGRAMA\/30_CONG-PORT.pdf\"><em>Lista de sentimientos contratransferenciales en una amuestra de psicoanalistas portugueses Estudio de validaci\u00f3n de la versi\u00f3n en lengua portuguesa de la Feeling Checklist\u00a0<\/em><\/a>[poster]. \u00a030\u00ba Congresso da Federa\u00e7\u00e3o Latino-Americana de Psican\u00e1lise FEPAL), Buenos Aires, 3 a 6 Setembro de 2014.<\/p>\n<p>Couto, M., Farate, C., Cunha, M., &amp; Galhardo, A. (2014, Setembro). <a href=\"https:\/\/www.ordemdospsicologos.pt\/ficheiros\/documentos\/livro_de_actas_2congressoopp.pdf\"><em>Feeling Checklist<\/em>: caracter\u00edsticas psicom\u00e9tricas da vers\u00e3o Portuguesa<\/a> [Conference Paper]. Actas do IX Congresso Iberoamericano de psicologia, II Congresso da Ordem dos Psic\u00f3logos, Lisboa, 9 a 13 Setembro 2014.<\/p>\n<p>Cunha, M., Fernandes, A. R., Couto, M., Galhardo, A., &amp; Esp\u00edrito-Santo, H. (2014).\u00a0<a href=\"https:\/\/www.sciencedirect.com\/science\/article\/pii\/S092493381478842X\"><u>EPA-1700 \u2013 The role of childhood positive memories, mindfulness, and hope, in emotional states in adolescence<\/u><\/a>.\u00a0<em>European Psychiatry, 29(<\/em>Suppl. 1), 1.https:\/\/doi.org\/ 10.1016\/S0924-9338(14)78842-X<\/p>\n<p>Cunha, M., Coelho, N., Xavier, A., Galhardo, A., Couto, M., &amp; Esp\u00edrito-Santo, H. (2014).\u00a0<a href=\"https:\/\/www.sciencedirect.com\/science\/article\/pii\/S0924933814788431\"><u>EPA-1701 \u2013 Social values assessment in adolescence: exploratory study of the psychometric properties of the social values survey and its relationship with affective states and hope.<\/u><\/a><em>European Psychiatry, 29(<\/em>Suppl. 1), 1.https:\/\/doi.org\/10.1016\/S0924-9338(14)78843-1<\/p>\n<p>Cunha, M., Xavier, A., Cherpe, S., &amp; Pinto-Gouveia, J. (2014).\u00a0<a href=\"http:\/\/www.rsp.fsp.usp.br\/RSPv048n.esp-congresso-book.pdf\"><u>Psychometric studies of the Other as Shamer Scale for Adolescents &#8211; brief version (OASB-A)<\/u><\/a>.\u00a0<em>Revista de Sa\u00fade P\u00fablica, 48(<\/em>esp.), 428.<\/p>\n<p>Daniel, F., Esp\u00edrito-Santo, H., Guadalupe, S., Silva, S., &amp; Lemos, L. (mar\u00e7o, 2014).\u00a0<a href=\"https:\/\/www.sciencedirect.com\/science\/article\/pii\/S0924933814788558\"><u>EPA-1716 \u2013 The Portuguese geriatric anxiety inventory-short form: psychometric properties<\/u><\/a>[Abstract of\u00a0Poster presented at the 22nd European Congress of Psychiatry, Munique].\u00a0<em>European Psychiatry, 2<\/em>9(S1), 1. https:\/\/doi.org\/10.1016\/S0924-9338(14)78855-8.<\/p>\n<p>Esp\u00edrito-Santo, H., Lopes, M., Sim\u00f5es, S., Cunha, M., &amp; Lemos, L. (mar\u00e7o, 2014).\u00a0<a href=\"https:\/\/doi.org\/10.1016\/S0924-9338(14)78773-5\"><u>EPA-1622 \u2013 Psychometrics and correlates of the adolescent dissociative experiences scale in psychological disturbed and normal Portuguese adolescents\u00a0<\/u><\/a>[Abstract of\u00a0Poster presented at the\u00a022nd European Congress of Psychiatry, Munique].\u00a0<em>European Psychiatry, 29<\/em>(S1), 1. https:\/\/doi.org\/10.1016\/S0924-9338(14)78773-5<\/p>\n<p>Esp\u00edrito-Santo, H., Lemos, L., Pena, I., Guadalupe, S., Gordo, S., Daniel, F., &amp; Vicente, H. (mar\u00e7o, 2014).\u00a0<a href=\"http:\/\/www.rsp.fsp.usp.br\/RSPv048n.esp-congresso-book.pdf\"><u>199 \u2013 Development of a Geriatric Functionality Scale to screen for functional ability\u00a0<\/u><\/a>[Abstract of\u00a0Poster presented at the\u00a02nd Congresso Internacional de Sa\u00fade do IPLeiria: Desafios &amp; Inova\u00e7\u00e3o em Sa\u00fade]. R<em>evista de Sa\u00fade P\u00fablica, 48<\/em>(n. esp.), 124.<\/p>\n<p>Esp\u00edrito-Santo, H., Lemos, L., Pena, I., Guadalupe, S., Daniel, F., Marques, M., &amp; Sim\u00f5es, S. (2014).\u00a0<a href=\"http:\/\/www.tilesa.es\/wpamadrid2014\/abstracts\/docs\/abstracts-vol3-WPA2014.pdf\"><u>Predictive role of cognition on the functional ability in older people: the role of depressive symptoms<\/u><\/a>. Abstract of Poster presented at the\u00a0<em>16th World Congress of Psychiatry, 3<\/em>(Topic 3),14-18, 183. September, Madrid, Spain.<\/p>\n<p>Esp\u00edrito-Santo, H., Pio-Abreu, J. L., Sim\u00f5es, S., Martins, L., Rocha-Marques, P., Gon\u00e7alves, L e Cassimo, S. (2014).\u00a0<a href=\"http:\/\/www.health.ipleiria.pt\/files\/2014\/05\/Abstracts_Health@IPLeiria2014.pdf\"><u>272 \u2013 Is dissociation in psychiatric and non-psychiatric Portuguese samples explained by intensity of psychopathology?\u00a0<\/u><\/a>[Abstract of\u00a0Poster presented at the\u00a02nd Congresso Internacional de Sa\u00fade do IPLeiria: Desafios &amp; Inova\u00e7\u00e3o em Sa\u00fade].\u00a0<em>Revista de Sa\u00fade P\u00fablica, 48\u00a0<\/em>(n. esp.), 161.<\/p>\n<p>Esp\u00edrito-Santo, H., Vicente, F., Cardoso, D., Silva, G. F., Ventura, L., Costa, M., \u2026 Daniel, F. (mar\u00e7o, 2014).\u00a0<a href=\"https:\/\/doi.org\/10.1016\/S0924-9338(14)78799-1\"><u>EPA-1653 \u2013 Risk and protective factors of depression in institutionalized elderly\u00a0<\/u><\/a>[Abstract of\u00a0Poster presented at the\u00a022nd European Congress of Psychiatry, Munique].\u00a0<em>European Psychiatry, 29<\/em>(S1), 1. https:\/\/doi.org\/10.1016\/S0924-9338(14)78799-1.<\/p>\n<p>Farate, C., Couto, M., Ramos, S., &amp; Fleming, M. (2014, Setembro). <em><a href=\"http:\/\/www.congreso2014.fepal.org\/pt\/descargas\/PROGRAMA\/PROGRAMA\/30_CONG-PORT.pdf\">El setting psicoanal\u00edtico seg\u00fan el paradigma relacional: Construcci\u00f3n y validaci\u00f3n de la Escala de Setting Terap\u00e9utico (EST)\u00a0<\/a><\/em>[<em>Conference paper].\u00a0<\/em>30.\u00baCongresso da Federa\u00e7\u00e3o Latino-Americana de Psican\u00e1lise (FEPAL), Buenos Aires, 3 a 6 Setembro 2014.<\/p>\n<p>Farate, C., &amp; Madeira, F. (2014, Setembro). <em><a href=\"http:\/\/www.congreso2014.fepal.org\/pt\/descargas\/PROGRAMA\/PROGRAMA\/30_CONG-PORT.pdf\">Contratransferencia, Interpretaci\u00f3n de la Transferencia y Setting en Proceso de Supervisi\u00f3n: an\u00e1lisis comparativo entre diferentes modalidades de tratamiento psicoanal\u00edtico\u00a0<\/a><\/em>[Paper]. Jornadas de Investigaci\u00f3n do 30.\u00baCongresso da Federa\u00e7\u00e3o Latino-Americana de Psican\u00e1lise (FEPAL), Buenos Aires, 3 a 6 Setembro 2014.<\/p>\n<p>Galhardo, A., &amp; Pinto-Gouveia, J. (2014).\u00a0<a href=\"http:\/\/www.health.ipleiria.pt\/files\/2014\/05\/Abstracts_Health@IPLeiria2014.pdf\"><u>The impact of infertility on couples\u2019 dyadic adjustment and intimacy.\u00a0<\/u><\/a><em>Revista de Sa\u00fade P\u00fablica<\/em>, 48, (special number), p. 23<\/p>\n<p>Guadalupe, S., Testa-Vicente, H., Daniel, F., &amp; Santos, C. (2014).\u00a0<a href=\"http:\/\/www.health.ipleiria.pt\/files\/2014\/05\/Abstracts_Health@IPLeiria2014.pdf\"><u>Personal social networks of elderly and mental health: preliminar y results.\u00a0<\/u><\/a><em>Revista de Sa\u00fade P\u00fablica, 48<\/em>(n.esp), p.228.<\/p>\n<p>Lemos, L., Esp\u00edrito-Santo, H., Silva, G. F., Costa, M., Cardoso, D., Vicente, F., \u2026 Moitinho, S. (mar\u00e7o, 2014).\u00a0<a href=\"https:\/\/doi.org\/10.1016\/S0924-9338(14)78802-9\"><u>EPA-1657 \u2013 The impact of a neuropsychological rehabilitation group program (NRGP) on cognitive and emotional functioning in institutionalized elderly\u00a0<\/u><\/a>[Abstract of\u00a0Poster presented at the\u00a022nd European Congress of Psychiatry, Munique].\u00a0<em>European Psychiatry, 29<\/em>(S1), 1. https:\/\/doi.org\/10.1016\/S0924-9338(14)78802-9<\/p>\n<p>Lucas, M., Guadalupe, S., Sim\u00f5es, S., Esp\u00edrito-Santo, H., &amp; Marques, M. (2014).<a href=\"http:\/\/www.rsp.fsp.usp.br\/RSPv048n.esp-congresso-book.pdf\"><u>377 \u2013 Mental health, strengths and social support of single mothers\u00a0<\/u><\/a>[Abstract of\u00a0Poster presented at the\u00a02nd Congresso Internacional de Sa\u00fade do IPLeiria: Desafios &amp; Inova\u00e7\u00e3o em Sa\u00fade].\u00a0<em>Revista de Sa\u00fade P\u00fablica, 48<\/em>(n.esp), 214.<\/p>\n<p>Massano-Cardoso, I., Carvalheiro, M., Rodrigues, V., Daniel, F., Cunha-Oliveira, A., Gardete, L., &amp; Massano-Cardoso, S. (2014). <a href=\"https:\/\/drive.google.com\/file\/d\/0B8lVEvgNwcauRUZlaWFQZ0tpVDQ\/edit?usp=sharing\">O perfil de sa\u00fade do diab\u00e9tico segundo crit\u00e9rios bioqu\u00edmicos de ades\u00e3o \u00e0 terap\u00eautica<\/a>. <em>Livro de actas do 10\u00ba Congresso Nacional de Psicologia da Sa\u00fade<\/em>. Porto.\u00a0 \u00a0 \u00a0<\/p>\n<p>Massano-Cardoso, I., Daniel, F., Carvalheiro, M., &amp; Rodrigues, V. (2014).\u00a0<a href=\"http:\/\/www.health.ipleiria.pt\/files\/2014\/06\/RSPv048n.esp-congresso-book.pdf\"><u>Diabetes, therapeutic adherence and depression.\u00a0<\/u><\/a>2nd IPLeiria International Health Congress \u2013 Challenges &amp; Innovation in Health, Leiria.\u00a0<em>Revista Brasileira de Sa\u00fade P\u00fablica, 48,\u00a0<\/em>162. S\u00e3o Paulo: Faculdade de Sa\u00fade P\u00fablica.<\/p>\n<p>Mateus, J., Sim\u00f5es, S., Esp\u00edrito-Santo, H., Lemos, L., Guadalupe, S., Guerreiro, D., &amp; Marques, M.\u00a0(2014).<a href=\"http:\/\/www.rsp.fsp.usp.br\/RSPv048n.esp-congresso-book.pdf\"><u>436 \u2013 Optimism, resilience and family impact in parents of disabled child<\/u><\/a>[Abstract of\u00a0Poster presented at the\u00a02nd Congresso Internacional de Sa\u00fade do IPLeiria: Desafios &amp; Inova\u00e7\u00e3o em Sa\u00fade].\u00a0<em>Revista de Sa\u00fade P\u00fablica, 48<\/em>(n.esp), 243.<\/p>\n<p>Ramos, L., Sim\u00f5es, S., Cunha, M., &amp; Esp\u00edrito-Santo, H. (2014).\u00a0<a href=\"http:\/\/www.rsp.fsp.usp.br\/RSPv048n.esp-congresso-book.pdf\"><u>285 \u2013 Perception of threat, stress, and anxiety in athletes of Portuguese football championships\u00a0<\/u><\/a>[Abstract of\u00a0Poster presented at the\u00a0 2nd Congresso Internacional de Sa\u00fade do IPLeiria: Desafios &amp; Inova\u00e7\u00e3o em Sa\u00fade].\u00a0<em>Revista de Sa\u00fade P\u00fablica, 48<\/em>(n.esp), 168.<\/p>\n<p>Pessoa, P., Cunha, M., Daniel, F., Galhardo, A., Sim\u00f5es, S., &amp; Esp\u00edrito-Santo, H. (2014).\u00a0<a href=\"https:\/\/www.sciencedirect.com\/science\/article\/pii\/S0924933814788455\"><u>EPA-1703 \u2013 Hope and well-being in the elderly<\/u><\/a>.\u00a0<em>European Psychiatry, 29,\u00a0<\/em>Supplement 1(0), https:\/\/doi.org\/10.1016\/S0924-9338(14)78845-5<\/p>\n<p>Pil\u00f3, D., Castilho, P., Sim\u00f5es, S., Esp\u00edrito-Santo, H., Lemos, L., Guadalupe, S., &amp; Marques, M. (2014).\u00a0<a href=\"http:\/\/www.rsp.fsp.usp.br\/RSPv048n.esp-congresso-book.pdf\"><u>305 \u2013 Self-criticism, body esteem and eating disorders symptoms in a sample of female adolescents, practitioners of ballet and handball\u00a0<\/u><\/a>[Abstract of\u00a0Poster presented at the\u00a02nd Congresso Internacional de Sa\u00fade do IPLeiria: Desafios &amp; Inova\u00e7\u00e3o em Sa\u00fade].\u00a0<em>Revista de Sa\u00fade P\u00fablica, 48<\/em>(n.esp), 178.<\/p>\n<p>Sequeira, J., &amp; Brito, S. (2014).\u00a0<a href=\"http:\/\/www.rsp.fsp.usp.br\/RSPv048n.esp-congresso-book.pdf\"><u>Perceptions of sons about close relationships, life satisfaction and parent&#8217;s marital satisfaction.<\/u><\/a>\u00a0[Abstract of\u00a0Poster presented at the\u00a02nd Congresso Internacional de Sa\u00fade do IPLeiria: Desafios &amp; Inova\u00e7\u00e3o em Sa\u00fade].\u00a0<em>Revista de Sa\u00fade P\u00fablica, 48<\/em>(n.esp), 178.<\/p>\n<p>Sequeira, J., &amp; Martins, A. (2014).<a href=\"http:\/\/www.wpamadrid2014.com\/scientific-information\/abstracts-e-book\/\">Social representations of mental illness \u2013 a qualitative study with mental health professionals<\/a> [Oral Communication]. XVI World Congress of the World Psychiatry Association. Madrid \u2013 Spain from September 14th to September 18th, 2014.\u00a0<\/p>\n<p>Sequeira, J., &amp; Patuleia, N. (2014).\u00a0<a href=\"http:\/\/www.ifta-congress.org\/2014\/docs\/Book_of_Abstracts_FINAL.pdf\"><em>Narratives of\u00a0clients from family therapy failures<\/em><em>.<\/em>XXII World Family Therapy Congress From IFTA<\/a> (International Family Therapy Association)<em>Technology, Families and Effective Therapy,\u00a0<\/em>Panama City- Panama, March, 2014, 5 &#8211; 24.<\/p>\n<p>Sequeira, J., &amp; Silva, M. (2014).\u00a0<a href=\"http:\/\/www.rsp.fsp.usp.br\/RSPv048n.esp-congresso-book.pdf\"><u>Resilience in adolescents and their perception of the parenting styles.<\/u><\/a>\u00a0[Abstract of\u00a0Poster presented at the\u00a02nd Congresso Internacional de Sa\u00fade do IPLeiria: Desafios &amp; Inova\u00e7\u00e3o em Sa\u00fade].\u00a0<em>Revista de Sa\u00fade P\u00fablica, 48<\/em>(n.esp), 178.<\/p>\n<p>Sequeira, J., &amp; Videira, J. (2014). <a href=\"http:\/\/www.wpamadrid2014.com\/scientific-information\/abstracts-e-book\/\">Somatic complains in children and adolescents \u2013 <\/a>comorbilities<a href=\"http:\/\/www.wpamadrid2014.com\/scientific-information\/abstracts-e-book\/\">, illness in the parental subsystem and family functioning<\/a> [Oral Communication]. XVI World Congress of the World Psychiatry Association. Madrid \u2013 Spain from September 14th to September 18th, 2014.<\/p>\n<p>Silva, J., &amp; Guadalupe, S. (2014).\u00a0<a href=\"http:\/\/www.apross.pt\/news\/livro-de-resumos-do-iii-cnss\/\"><u>Perfis de redes sociais pessoais de idosos com e sem aoio de respostas sociais.\u00a0<\/u><\/a><em>In\u00a0<\/em>Guadalupe, S., Gomes, A., Branco, A., &amp; Silva, A. R. (Orgs),\u00a0<em>Livro de Resumos das Comunica\u00e7\u00f5es Livres do III Congresso Nacional de Servi\u00e7o Social \u2013 E-book of Abstracts<\/em>. Coimbra, APSS, p. 9. ISBN 978-972-95805-5-0.<\/p>\n<p>Sim\u00f5es, S., Esp\u00edrito-Santo, H., Jesus, M., &amp; Marques, M. (mar\u00e7o, 2014).\u00a0<a href=\"https:\/\/doi.org\/10.1016\/S0924-9338(14)78772-3\"><u>EPA-1621 \u2013 Traumatic and dissociative experiences in a sample of Portuguese patients with schizophrenia and bipolar disorder\u00a0<\/u><\/a>[Abstract of\u00a0Poster presented at the\u00a022nd European Congress of Psychiatry, Munique].\u00a0<em>European Psychiatry, 29<\/em>(S1), 1. https:\/\/doi.org\/ 10.1016\/S0924-9338(14)78772-3.<\/p>\n<p>Xavier, A., Cunha, M., Pinto-Gouveia, J., &amp; Medeiros, F. (2014).\u00a0<a href=\"http:\/\/www.rsp.fsp.usp.br\/RSPv048n.esp-congresso-book.pdf\"><u>Psychometric study of the Adolescent Social Comparison Scale-Revised.\u00a0<\/u><\/a><em>Revista de Sa\u00fade P\u00fablica, 48<\/em>(n. esp.), 2nd IPLeiria Internacional Health Congress | Challenges &amp; Innovation in Health), 386.<\/p>\n<p>Xavier, A., Cunha, M., &amp; Pinto-Gouveia, J. (2014).\u00a0<a href=\"http:\/\/www.rsp.fsp.usp.br\/RSPv048n.esp-congresso-book.pdf\"><u>Early experiences with caregivers, school bullying and negative affect in Adolescence<\/u><\/a>.\u00a0<em>Revista de Sa\u00fade P\u00fablica, 48<\/em>(n. esp.), 2nd IPLeiria Internacional Health Congress | Challenges &amp; Innovation in Health), p. 398.<\/p>\n<p><strong>2013\u00a0<\/strong><\/p>\n<p>Almeida, R., Marques, M., Espirito-Santo, H., Moitinho, S., Vig\u00e1rio, V., Pena, I. T., Matreno, J., Rodrigues, F., Antunes, E., Sim\u00f5es, D., Costa, A., Correia, A. R., Pimentel, A. S., Alves, V., Nascimento, T., Tomaz, M., Caldas, L., Ferreira, L., Sim\u00f5es, S., Guadalupe, S., Lemos, L., &amp; Daniel, F. (abril, 2013).\u00a0<a href=\"https:\/\/doi.org\/10.1016\/S0924-9338(13)76308-9\"><u>1230 &#8211; Selective attention and cognitive decline in institutionalized elderly\u00a0<\/u><\/a>[Abstract of\u00a0Poster presented at the\u00a021st European Congress of Psychiatry, Nice].\u00a0<em>European Psychiatry, 28<\/em>(S1), 1. https:\/\/doi.org\/10.1016\/S0924-9338(13)76308-9.<\/p>\n<p>Azevedo, V., Sim\u00f5es, S., Marques, M., Cunha, M., &amp; Espirito-Santo, H. (abril, 2013).\u00a0<a href=\"https:\/\/doi.org\/10.1016\/S0924-9338(13)77042-1\"><u>2164 &#8211; The role of parental rearing styles in the perception of college adolescents\u2019 anxiety symptoms<\/u><\/a>[Abstract of\u00a0Poster presented at the\u00a021st European Congress of Psychiatry, Nice].\u00a0<em>European Psychiatry, 28<\/em>(S1).https:\/\/doi.org\/10.1016\/S0924-9338(13)77042-1<\/p>\n<p>Caldas, L., Esp\u00edrito-Santo, H., Matreno, J., Marques, M., Pena, I., Costa, M., Costa, A., Sim\u00f5es D., Conde, A., Correia, A. R., Almeida, R., Moitinho, S., Ferreira, L., Rodrigues, F., Guadalupe, S., Sim\u00f5es, S., Daniel, F., &amp; Lemos, L. (2013, Abril).\u00a0<a href=\"https:\/\/doi.org\/10.1016\/S0924-9338(13)76563-5\"><u>1554 &#8211; Verbal fluencies associated factors in elderly.\u00a0<\/u><\/a>[Abstract of\u00a0Poster presented at the\u00a021st European Congress of Psychiatry, Nice].\u00a0<em>European Psychiatry, 28<\/em>(S1). https:\/\/doi.org\/10.1016\/S0924-9338(13)76563-5<\/p>\n<p>Carvalho, T., Cunha, M., &amp; Pinto-Gouveia, J. (2013).\u00a0<a href=\"http:\/\/www.crpitalia.eu\/images\/psychomed\/psychomed_2013_23.pdf\"><u>Development of the Exposure to Combat Severity Scale of the Combat Experiences Questionnaire (QEC).\u00a0<\/u><\/a><em>Psychomed\u00a0<\/em>(Special Issue: Selected posters from the 43rd Congress of the European Association of Behavioural and Cognitive Therapies), 20. ISSN: 1828-1516.<\/p>\n<p>Carvalho, T., Cunha, M., &amp; Pinto-Gouveia, J. (2013).\u00a0<a href=\"http:\/\/www.crpitalia.eu\/images\/psychomed\/psychomed_2013_23.pdf\"><u>The predictive value of experiencies related to war\/combat exposure for Post-Traumatic Stress Disorder (PTSD) symptoms: a study with Portuguese Colonial War Veterans.\u00a0<\/u><\/a><em>Psychomed<\/em>(Special Issue: Selected posters from the 43rd Congress of the European Association of Behavioural and Cognitive Therapies), 16. ISSN: 1828-1516.<\/p>\n<p>Carvalho, C., Marques, M., Silva, M. I., Santos, J., Concei\u00e7\u00e3o, L., Cunha, M., &amp; Espirito-Santo, H. (2013).\u00a0<a href=\"https:\/\/doi.org\/10.1016\/S0924-9338(13)76294-1\"><u>1213 &#8211; Parental rearing styles, eating habits\/behaviours and eating disorders symptoms, in a sample of adolescents\u00a0<\/u><\/a>[Abstract of\u00a0Poster presented at the\u00a021st European Congress of Psychiatry, Nice].\u00a0<em>European Psychiatry, 28<\/em>(S1), 582. https:\/\/doi.org\/10.1016\/S0924-9338(13)76294-1<\/p>\n<p>Costa, M., Esp\u00edrito-Santo, H., Sim\u00f5es, S., Conde, A., Correia, A. R., Almeida, R., Moitinho, S., Ferreira, L., Rodrigues, F., Caldas, L., Pena, I., Costa, A., Sim\u00f5es, D., Guadalupe, S., Daniel, F., &amp; Lemos, L. (2013, Abril).\u00a0<a href=\"https:\/\/doi.org\/10.1016\/S0924-9338(13)76559-3\"><u>1549 &#8211; Correlates of elderly loneliness<\/u><\/a>[Abstract of\u00a0Poster presented at the\u00a021st European Congress of Psychiatry, Nice].\u00a0<em>European Psychiatry, 28<\/em>(S1). https:\/\/doi.org\/10.1016\/S0924-9338(13)76559-3<\/p>\n<p>Cunha, M., Matos, M., Xavier, A., &amp; Faria, D. (2013b).\u00a0<a href=\"http:\/\/irep.ntu.ac.uk\/id\/eprint\/14110\/1\/%20219871_PubSub2202_Pontes_Poster.pdf\"><u>The Adolescents\u2019 version of the Event Centrality Scale (CES-A): Study of its psychometric properties<\/u><\/a>.\u00a0<em>Atenc\u00edon Primaria, 45<\/em>(Espec Cong 1), 163.<\/p>\n<p>Cunha, M., Martinho, M. I., Xavier, A. M., &amp; Espirito-Santo, H. (2013).\u00a0<a href=\"https:\/\/doi.org\/10.1016\/S0924-9338(13)76444-7\"><u>1405 \u2013 Early memories of positive emotions and its relationship to attachment styles, self-compassion and psychopathology in adolescents<\/u><\/a>[Abstract of\u00a0Poster presented at the\u00a021st European Congress of Psychiatry, Nice].\u00a0<em>European Psychiatry, 28<\/em>(S1). https:\/\/doi.org\/10.1016\/S0924-9338(13)76444-7.<\/p>\n<p>Cunha, M., Xavier, A., Matos, M., &amp; Zagalo, S. (2013).\u00a0<a href=\"http:\/\/irep.ntu.ac.uk\/id\/eprint\/14110\/1\/219871_PubSub2202_Pontes_Poster.pdf\"><u>The traumatic impact of shame experiences: Study of the psychometric properties of the Impact Event Scale in adolescents (IES-A)<\/u><\/a>.\u00a0<em>Atenc\u00edon Primaria, 45<\/em>(Espec Cong 1), 164.<\/p>\n<p>Cunha, M., Xavier, A., &amp; Paiva, A. C. (2013).\u00a0<a href=\"http:\/\/irep.ntu.ac.uk\/id\/eprint\/%2014110\/1\/219871_PubSub2202_Pontes_Poster.pdf\"><u>Risk-Taking and Self-Harm Behaviours in Adolescents: Prevalence, Characteristics and its Relationship to Quality of Life.\u00a0<\/u><\/a><em>Atenc\u00edon Primaria, 45<\/em>(Espec Cong.), 132-188.<\/p>\n<p>Espirito-Santo, H., Correia, A. R., Marques, M., Pena, I., Caldas, L., Rodrigues, F., Ferreira, L., Costa, M., Moitinho, S., Almeida, R., Costa, A., Sim\u00f5es, D., Conde, A., Guadalupe, S., Daniel, F., &amp; Lemos, L. (abril, 2013).\u00a0<a href=\"https:\/\/doi.org\/10.1016\/S0924-9338(13)76562-3\"><u>1553 \u2013 Affectivity and cognitive functioning in institutionalized elderly\u00a0<\/u><\/a>[Abstract of\u00a0Poster presented at the\u00a021st European Congress of Psychiatry, Nice].\u00a0<em>European Psychiatry, 28<\/em>(S1). https:\/\/doi.org\/10.1016\/S0924-9338(13)76562-3<\/p>\n<p>Esp\u00edrito Santo, H., &amp; Costa, M. (2013, abril).\u00a0<a href=\"https:\/\/doi.org\/10.1016\/S0924-9338(13)76555-6\"><u>1545 \u2013 Inmates trauma and dissociation\u00a0<\/u><\/a>[Abstract of\u00a0Poster and communication presented at the\u00a022nd European Congress of Psychiatry, Munique].\u00a0<em>European Psychiatry, 2<\/em>9(S1), 1. https:\/\/doi.org\/10.1016\/S0924-9338(13)76555-6.<\/p>\n<p>Esp\u00edrito-Santo, H., Gon\u00e7alves, L., Cassimo, S., Martins, L., &amp; Xavier, M. (2013, Abril).\u00a0<a href=\"https:\/\/doi.org\/10.1016\/S0924-9338(13)76554-4\"><u>1544 &#8211; The Portuguese traumatic experiences checklist (TEC): psychometrics and prevalence of traumatic experiences<\/u><\/a>. [Abstract of\u00a0Poster presented at the\u00a021st European Congress of Psychiatry, Nice].\u00a0<em>European Psychiatry, 28<\/em>(S1). https:\/\/doi.org\/10.1016\/S0924-9338(13)76554-4<\/p>\n<p>Espirito-Santo, H., Gon\u00e7alves, L., Marques, M., Rocha, P., &amp; Cassimo, S. (2013).\u00a0<a href=\"https:\/\/doi.org\/10.1016\/S0924-9338(13)76557-X\"><u>1547 &#8211; Psychoform and somatoform dissociation severity in eating disorders<\/u><\/a>[Abstract of\u00a0Poster presented at the\u00a021st European Congress of Psychiatry, Nice].\u00a0<em>European Psychiatry, 28<\/em>(S1). https:\/\/doi.org\/10.1016\/S0924-9338(13)76557-X<\/p>\n<p>Esp\u00edrito-Santo, H., Gon\u00e7alves, L., Marques, M., Rocha, P., &amp; Cassimo, S. (2013, Abril).\u00a0<a href=\"https:\/\/doi.org\/10.1016\/S0924-9338(13)76558-1\"><u>1548 &#8211; Correlates of psychoform and somatoform in eating disorders<\/u><\/a>[Abstract of\u00a0Poster presented at the\u00a021st European Congress of Psychiatry, Nice].\u00a0<em>European Psychiatry, 28<\/em>(S1). https:\/\/doi.org\/10.1016\/S0924-9338(13)76558-1<\/p>\n<p>Espirito-Santo, H., Marques, M., Matreno, J., Fermino, S., Pena, I. T., Rodrigues, F., \u2026 Pimentel, A. (2012).\u00a0<a href=\"https:\/\/doi.org\/10.1111\/j.1365-2869.2012.01044\"><u>Associations between sleep quality and different correlates in the elderly\u00a0<\/u><\/a>[Abstract of\u00a0Poster presented at the\u00a021st Congress of the European Sleep Research Society, Paris].\u00a0<em>Journal of Sleep Research, 21<\/em>(S1), 142. https:\/\/doi.org\/10.1111\/j.1365-2869.2012.01044.<\/p>\n<p>Espirito-Santo, H., Marques, M., Pena, I. T., Matreno, J., Fermino, S., Rodrigues, F., Antunes, E., \u2026 Pimentel, A. S. (2012).\u00a0<a href=\"https:\/\/doi.org\/10.1111\/j.1365-2869.2012.01044\"><u>Subjective sleep quality effect on cognitive functioning in institutionalised elderly<\/u><\/a>[Abstract of\u00a0Poster presented at the\u00a021st Congress of the European Sleep Research Society, Paris].\u00a0<em>Journal of Sleep Research, 21<\/em>(S1), 142. https:\/\/doi.org\/10.1111\/j.1365-2869.2012.01044<\/p>\n<p>Espirito-Santo, H., &amp; Oliveira, M. (abril, 2013).\u00a0<a href=\"https:\/\/doi.org\/10.1016\/S0924-9338(13)76575-1\"><u>1572 &#8211; Medication adherence and cognitive functioning in depressive disorders<\/u><\/a>[Abstract of\u00a0Poster presented at the\u00a021st European Congress of Psychiatry, Nice].\u00a0<em>European Psychiatry, 28<\/em>(S1). https:\/\/doi.org\/10.1016\/S0924-9338(13)76575-1<\/p>\n<p>Esp\u00edrito-Santo, H., Pio-Abreu, J. L., &amp; Mota, M. P. (2013, Abril).\u00a0<a href=\"https:\/\/doi.org\/10.1016\/S0924-9338(13)77101-3\"><u>2235 &#8211; Personality dimensions and dissociation in a Portuguese sample.<\/u><\/a>[Abstract of\u00a0Poster presented at the\u00a021st European Congress of Psychiatry, Nice].\u00a0<em>European Psychiatry, 28<\/em>(S1), 582. https:\/\/doi.org\/10.1016\/S0924-9338(13)77101-3<\/p>\n<p>Esp\u00edrito-Santo, H., &amp; Rocha, P. (2013, Abril).\u00a0<a href=\"https:\/\/doi.org\/10.1016\/S0924-9338(13)77211-0\"><u>2374 &#8211; Traumatic experiences and humor disorders\u00a0<\/u><\/a>[Abstract of\u00a0Poster presented at the\u00a021st European Congress of Psychiatry, Nice, EPA].\u00a0<em>European Psychiatry, 28<\/em>(S1). https:\/\/doi.org\/10.1016\/S0924-9338(13)77211-0<\/p>\n<p>Fernandes, V., Daniel, F., Espirito-Santo, H., &amp; da Silva, A. G. (abril, 2013).\u00a0<a href=\"https:\/\/doi.org\/10.1016\/S0924-9338(13)77178-5\"><u>2336 &#8211; Deficit institutionalization: cognitive screening of institutionalized elderlies<\/u><\/a>[Abstract of\u00a0Poster and communication presented at the\u00a021st European Congress of Psychiatry, Nice].\u00a0<em>European Psychiatry, 28<\/em>(S1). https:\/\/doi.org\/10.1016\/S0924-9338(13)77178-5<\/p>\n<p>Galhardo, A., Cunha, M., &amp; Pinto-Gouveia, J. (2013).\u00a0<a href=\"http:\/\/irep.ntu.ac.uk\/id\/eprint\/%2014110\/1\/219871_PubSub2202_Pontes_Poster.pdf\"><u>Developing mindfulness and acceptance skills in infertility: The mindfulness based program for infertility<\/u><\/a>.\u00a0<em>Atenc\u00edon Primaria, 45\u00a0<\/em>(Espec Cong 1), 14.<\/p>\n<p>Galhardo, A., Cunha, M., &amp; Pinto-Gouveia, J. (2013).\u00a0<a href=\"https:\/\/doi.org\/10.1016\/j.%20fertnstert.2013.05.036\"><u>Mindfulness-based program for infertility: Efficacy study.<\/u><\/a><em>Fertility &amp; Sterility, 100<\/em>, 1059-1067. https:\/\/doi.org\/10.1016\/j. fertnstert.2013.05.036<\/p>\n<p>Galhardo, A., Cunha, M., &amp; Pinto-Gouveia, J. (2013).\u00a0<a href=\"http:\/\/irep.ntu.ac.uk\/id\/eprint\/14110\/%201\/219871_PubSub2202_Pontes_Poster.pdf\"><u>Dealing with the challenges of infertility: The Portuguese version of the infertility self-efficacy scale<\/u><\/a>.\u00a0<em>Atenc\u00edon Primaria, 45\u00a0<\/em>(Espec Cong 1), 143-144.<\/p>\n<p>Lopes, F., Espirito-Santo, H., &amp; Vicente, H. (mar\u00e7o, 2013).\u00a0<a href=\"https:\/\/doi.org\/10.1016\/S0924-9338(13)77100-1\"><u>2234 &#8211; Intergenerational transmission of perceived parental rearing styles: a three generation families study\u00a0<\/u><\/a>[Abstract of Poster and verbal communication presented at the21st European Congress of Psychiatry, Nice].\u00a0<em>European Psychiatry, 28(<\/em>S1). https:\/\/doi.org\/10.1016\/S0924-9338(13)77100-1.<\/p>\n<p>Marques, M., Espirito-Santo, H., Matreno, J., Fermino, S., Alves, V., Vig\u00e1rio, V. \u2026 Ferreira, L. (2012).\u00a0<a href=\"https:\/\/doi.org\/10.1111\/j.1365-2869.2012.01044\"><u>Psychometric properties of a subjective sleep quality index to be used with the elderly: an exploratory study<\/u><\/a>[Abstract of Poster presented at the 21st Congress of the European Sleep Research Society, Paris].\u00a0<em>Journal of Sleep Research, 21<\/em>(S1), 199. https:\/\/doi.org\/10.1111\/j.1365-2869.2012.01044.<\/p>\n<p>Martins, L., &amp; Esp\u00edrito-Santo, H. (2013, Abril).\u00a0<a href=\"https:\/\/doi.org\/10.1016\/S0924-9338(13)76576-3\"><u>1573 &#8211; Pain disorder and traumatic experiences.<\/u><\/a>[Abstract of Poster presented at the 21st European Congress of Psychiatry, Nice].\u00a0<em>European Psychiatry, 28<\/em>(S1). https:\/\/doi.org\/10.1016\/S0924-9338(13)76576-3<\/p>\n<p>Matreno, J., &amp; Espirito-Santo, H. (2013).\u00a0<a href=\"https:\/\/doi.org\/10.1016\/S0924-9338(13)76568-4\"><u>1563 &#8211; The examiner&#8217;s effect on the measurement of dissociation and other psychopathological symptoms in college students<\/u><\/a>[Abstract of Poster presented at the 21st European Congress of Psychiatry, Nice].\u00a0<em>European Psychiatry, 28<\/em>(S1). https:\/\/doi.org\/10.1016\/S0924-9338(13)76568-4<\/p>\n<p>Moitinho, S., Marques, M., Espirito-Santo, H., Vig\u00e1rio, V., Almeida, R., Matreno, J., &#8230; Daniel, F. (2013).\u00a0<a href=\"https:\/\/doi.org\/10.1016\/S0924-9338(13)76302-8\"><u>1223 &#8211; Executive functions, visuoconstructive ability and memory in institutionalized elderly<\/u><\/a>[Abstract of Poster presented at the 21st European Congress of Psychiatry, Nice].\u00a0<em>European Psychiatry, 28<\/em>(S1). https:\/\/doi.org\/10.1016\/S0924-9338(13)76302-8<\/p>\n<p>Neves, C., Matos, M., Cunha, M., Esp\u00edrito-Santo, H., Pena, I., Ferreira, L.,&#8230; Vig\u00e1rio, V. (2013). A rela\u00e7\u00e3o entre\u00a0<em>mindfulness<\/em>e vergonha em praticantes e n\u00e3o praticantes de medita\u00e7\u00e3o\/yoga. In A. Pereira, M. Calheiros, P. Vagos, I. Direito, S. Monteiro, C. F. Silva &amp; A. A. Gomes (Orgs.). Livro de Actas do VIII Simp\u00f3sio Nacional de Investiga\u00e7\u00e3o em Psicologia. Associa\u00e7\u00e3o Portuguesa de Psicologia<\/p>\n<p>Paiva, A. C., Cunha, M., Xavier, A. M., Marques, M., Sim\u00f5es, S., &amp; Espirito-Santo, H. (abril, 2013).\u00a0<a href=\"https:\/\/doi.org\/10.1016\/S0924-9338(13)76530-1\"><u>1513 &#8211; Exploratory study of risk-taking and self-harm behaviours in adolescents: prevalence, characteristics and its relationship to attachment styles\u00a0<\/u><\/a>[Abstract of Poster presented at the 21st European Congress of Psychiatry, Nice].\u00a0<em>European Psychiatry, 28<\/em>(S1). https:\/\/doi.org\/10.1016\/S0924-9338(13)76530-1.<\/p>\n<p>Paix\u00e3o, M., Cunha, M., &amp; Amaral, A. P. (2013).\u00a0<a href=\"http:\/\/irep.ntu.ac.uk\/id\/%20eprint\/14110\/1\/219871_PubSub2202_Pontes_Poster.pdf\"><u>Alcohol consumption, physical activity and mental and physical health: a correlation study in a college population<\/u><\/a>.\u00a0<em>Atenc\u00edon Primaria 45\u00a0<\/em>(Espec Cong 1), 132-188.<\/p>\n<p>Pardal, A., Espirito-Santo, H., Lemos, L., Matreno, J., Amaro, H., Guadalupe, S., &#8230; Gon\u00e7alves, R. (2013).\u00a0<a href=\"https:\/\/doi.org\/10.1016\/S0924-9338(13)76565-9\"><u>1556 &#8211; Social support, mental health, and satisfaction with life in institutionalized elderly<\/u><\/a>[Abstract of Poster presented at the 21st European Congress of Psychiatry, Nice].\u00a0<em>European Psychiatry, 28<\/em>(S1). https:\/\/doi.org\/10.1016\/S0924-9338(13)76565-9<\/p>\n<p>Santos, J., Marques, M., Carvalho, C., Silva, M. I., Concei\u00e7\u00e3o, L., Esp\u00edrito Santo, H., &amp; Sim\u00f5es, S. (2013, Abril).\u00a0<a href=\"https:\/\/doi.org\/10.1016\/S0924-9338(13)76305-3\"><u>1227 \u2013 Differences in eating habits\/behaviours and eating disorders symptoms in adolescents from a rural and an urban school.\u00a0<\/u><\/a>[Abstract of Poster presented at the 21st European Congress of Psychiatry, Nice].\u00a0<em>European Psychiatry, 28<\/em>(S1). https:\/\/doi.org\/10.1016\/S0924-9338(13)76305-3.<\/p>\n<p>Silva, M. I., Marques, M., Carvalho, C., Santos, J., Concei\u00e7\u00e3o, L., Cunha, M., Sim\u00f5es, S., &amp;\u00a0Esp\u00edrito Santo, H.\u00a0(abril, 2013).\u00a0<a href=\"https:\/\/doi.org\/10.1016\/S0924-9338(13)76303-X\"><u>1225 &#8211; Sex differences in eating habits\/behaviours and eating disorders symptoms, in a sample of adolescents\u00a0<\/u><\/a>[Abstract of Poster presented at the 21st European Congress of Psychiatry, Nice].\u00a0<em>European Psychiatry, 28<\/em>(S1), 1225. https:\/\/doi.org\/10.1016\/S0924-9338(13)76303-X<\/p>\n<p>Xavier, A., Cunha, M., Paiva, A. C., &amp; Pinto-Gouveia, J. (2013).\u00a0<a href=\"http:\/\/irep.ntu.ac.uk\/id\/eprint\/%2014110\/1\/219871_PubSub2202_Pontes_Poster.pdf\"><u>Exploratory Study of the Portuguese version of the Risk-Taking and Self-Harm Inventory for Adolescents.\u00a0<\/u><\/a><em>Atenc\u00edon Primaria, 45\u00a0<\/em>(espec congr 1), 165.<\/p>\n<p>Zagalo, S., Cunha, M., &amp; Xavier, A. (2013).\u00a0<a href=\"http:\/\/irep.ntu.ac.uk\/id\/eprint\/14110\/1\/%20219871_PubSub2202_Pontes_Poster.pdf\"><u>The Role of traumatic memories and shame feelings on adolescents\u2019 anxiety and depression<\/u><\/a>.\u00a0<em>Atenc\u00edon Primaria, 45\u00a0<\/em>(Espec Congr)<em>.<\/em><\/p>\n<p>\u00a0<\/p>\n\n\n<p><\/p>\n","protected":false},"excerpt":{"rendered":"<p>2019 Amador, L., Marques, C., Espirito-Santo, H., Duarte, C., &amp;\u00a0Lemos, L.\u00a0(2019).\u00a0Study of the relationship of behavior, self-concept,\u00a0and\u00a0attachment on institutionalized children [Resumo de p\u00f3ster no 26th European Congress of Psychiatry, Nice]. Costa, M. L., Amaral, I., &amp; Daniel, F. (2019). The contribution of information design to age-friendly cities: A case study on Coimbra and public transport. [&hellip;]<\/p>\n","protected":false},"author":1,"featured_media":0,"parent":2237,"menu_order":4,"comment_status":"closed","ping_status":"closed","template":"","meta":{"_mi_skip_tracking":false,"_monsterinsights_sitenote_active":false,"_monsterinsights_sitenote_note":"","_monsterinsights_sitenote_category":0},"_links":{"self":[{"href":"https:\/\/diinews.ismt.pt\/index.php?rest_route=\/wp\/v2\/pages\/2314"}],"collection":[{"href":"https:\/\/diinews.ismt.pt\/index.php?rest_route=\/wp\/v2\/pages"}],"about":[{"href":"https:\/\/diinews.ismt.pt\/index.php?rest_route=\/wp\/v2\/types\/page"}],"author":[{"embeddable":true,"href":"https:\/\/diinews.ismt.pt\/index.php?rest_route=\/wp\/v2\/users\/1"}],"replies":[{"embeddable":true,"href":"https:\/\/diinews.ismt.pt\/index.php?rest_route=%2Fwp%2Fv2%2Fcomments&post=2314"}],"version-history":[{"count":109,"href":"https:\/\/diinews.ismt.pt\/index.php?rest_route=\/wp\/v2\/pages\/2314\/revisions"}],"predecessor-version":[{"id":3861,"href":"https:\/\/diinews.ismt.pt\/index.php?rest_route=\/wp\/v2\/pages\/2314\/revisions\/3861"}],"up":[{"embeddable":true,"href":"https:\/\/diinews.ismt.pt\/index.php?rest_route=\/wp\/v2\/pages\/2237"}],"wp:attachment":[{"href":"https:\/\/diinews.ismt.pt\/index.php?rest_route=%2Fwp%2Fv2%2Fmedia&parent=2314"}],"curies":[{"name":"wp","href":"https:\/\/api.w.org\/{rel}","templated":true}]}}