{"id":2049,"date":"2015-09-18T14:11:55","date_gmt":"2015-09-18T14:11:55","guid":{"rendered":"http:\/\/diinews.ismt.pt\/?page_id=2049"},"modified":"2019-02-16T12:43:35","modified_gmt":"2019-02-16T12:43:35","slug":"organizar-positivamente-dissertacoes","status":"publish","type":"page","link":"https:\/\/diinews.ismt.pt\/?page_id=2049","title":{"rendered":"Organizar positivamente: Disserta\u00e7\u00f5es"},"content":{"rendered":"<h2><strong>2017<\/strong><\/h2>\n<ul>\n<li><strong>Ana Cristina dos Santos Rama (2017).<\/strong>\u00a0<a href=\"http:\/\/repositorio.ismt.pt\/handle\/123456789\/822\" target=\"_blank\" rel=\"noopener noreferrer\">Comprometimento e Virtuosidade Organizacionais, Psicopatologia e Autocompaix\u00e3o no Corpo de Guarda Prisional<\/a> [Orientadora S\u00f3nia Sim\u00f5es].\u00a0Disserta\u00e7\u00e3o de Mestrado.\u00a0Instituto Superior Miguel Torga<\/li>\n<\/ul>\n<h2><strong>2015<\/strong><\/h2>\n<ul>\n<li><span style=\"letter-spacing: 0px;\"><b>Dulcina Maria Lopes Sim\u00f5es (2015)<\/b>: <em><a href=\"http:\/\/repositorio.ismt.pt\/handle\/123456789\/527\" target=\"_blank\" rel=\"noopener noreferrer\">Autocompaix\u00e3o, comprometimento organizacional e virtuosidade organizacional em trabalhadores de autarquias locais. <\/a>Mestrado em Psicologia Cl\u00ednica\u00a0<\/em>[Orient. S\u00f3nia Sim\u00f5es]. Disserta\u00e7\u00e3o de Mestrado.\u00a0Instituto Superior Miguel Torga<\/span><\/li>\n<\/ul>\n<h2><strong>2014<\/strong><\/h2>\n<ul>\n<li><strong>Gabriela Maria Coelho Antunes<\/strong> (2014). <em><a href=\"http:\/\/repositorio.ismt.pt\/handle\/123456789\/592\" target=\"_blank\" rel=\"noopener noreferrer\">Mindfulness, stresse, psicopatologia e estrat\u00e9gias para a gest\u00e3o de conflitos em cuidadores de pessoas com incapacidade intelectua<\/a>l.<\/em> [Orientadora: Mariana Marques]. Mestrado em Psicologia Cl\u00ednica; Ramo de especializa\u00e7\u00e3o em Terapias Cognitivo-Comportamentais.<\/li>\n<li><b>Liliana Filipa Gaspar Pereira (2014). <\/b><a href=\"http:\/\/repositorio.ismt.pt\/handle\/123456789\/608\" target=\"_blank\" rel=\"noopener noreferrer\"><em>Coping, resili\u00eancia e comprometimento organizacional em profissionais que trabalham com pessoas com defici\u00eancia\/doen\u00e7a mental<\/em><\/a>. [Orient. Mariana Marques; Coor. Marta Gaspar]. Disserta\u00e7\u00e3o de Mestrado.\u00a0Instituto Superior Miguel Torga<\/li>\n<li><strong>Lisa Marie Figueiredo Carvalho<\/strong> (2014).<a href=\"http:\/\/repositorio.ismt.pt\/handle\/123456789\/499\" target=\"_blank\" rel=\"noopener noreferrer\"> <em>Autocriticismo, estrat\u00e9gias de coping e Mindfulness em profissionais de institui\u00e7\u00f5es que acompanham pessoas com autismo e profissionais de institui\u00e7\u00f5es com utentes sem perturba\u00e7\u00e3o neurodesenvolvimental. <\/em><\/a>[Orientadora: Helena Esp\u00edrito Santo; Coorientadora: Mariana Marques]. Mestrado em Psicologia Cl\u00ednica; Ramo de especializa\u00e7\u00e3o em Terapias Cognitivo-Comportamentais.<\/li>\n<li><b>Lu\u00eds Carlos Pereira (2014). <\/b><em>Correlatos psicol\u00f3gicos em profissionais que trabalham com pessoas com defici\u00eancia mental.<\/em> [Orient. S\u00f3nia Sim\u00f5es]. Disserta\u00e7\u00e3o de Mestrado.\u00a0Instituto Superior Miguel Torga<\/li>\n<li><b>Marta Isabel Cardoso Lima (2014). <\/b><a href=\"http:\/\/repositorio.ismt.pt\/handle\/123456789\/623\" target=\"_blank\" rel=\"noopener noreferrer\"><em>Sintomas depressivos e ansiosos, stresse, coping e resili\u00eancia em T\u00e9cnicos Superiores de Reinser\u00e7\u00e3o Social<\/em><\/a>. [Orient. Mariana Marques]. Disserta\u00e7\u00e3o de Mestrado.\u00a0Instituto Superior Miguel Torga<\/li>\n<li>\u00a0<b>Priscila Alexandra da Silva Ribeiro (2014). <\/b><a href=\"http:\/\/repositorio.ismt.pt\/handle\/123456789\/607\" target=\"_blank\" rel=\"noopener noreferrer\"><em>Resili\u00eancia, coping, e autocompaix\u00e3o em cuidadores formais da Rede Nacional de Cuidados Continuados Integrados<\/em>.<\/a> [Orient. Mariana Marques]. Disserta\u00e7\u00e3o de Mestrado.\u00a0Instituto Superior Miguel Torga<\/li>\n<li><b>Sandra Cristina Pinheiro da Silva Pires (2014). <\/b><a href=\"http:\/\/repositorio.ismt.pt\/handle\/123456789\/608\" target=\"_blank\" rel=\"noopener noreferrer\"><em>Comprometimento organizacional, autocriticismo e autocompaix\u00e3o em profissionais\/cuidadores formais que trabalham com pessoas com defici\u00eancia\/doen\u00e7a mental<\/em><\/a>. [Orient. Mariana Marques; Coor. Marta Gaspar]. Disserta\u00e7\u00e3o de Mestrado.\u00a0Instituto Superior Miguel Torga<\/li>\n<\/ul>\n<h2><strong>2013<\/strong><\/h2>\n<ul>\n<li><span style=\"letter-spacing: 0px;\"><b>H\u00e9lder Manuel da Silva Sim\u00f5es Fernandes (2013). <\/b><a href=\"http:\/\/repositorio.ismt.pt\/handle\/123456789\/317\" target=\"_blank\" rel=\"noopener noreferrer\"><em>Comprometimento organizacional, autocriticismo e autocompaix\u00e3o na PSP<\/em>.\u00a0<\/a>[Orient. Mariana Marques &amp; Paula Castilho]. Disserta\u00e7\u00e3o de Mestrado.\u00a0Instituto Superior Miguel Torga<\/span><\/li>\n<\/ul>\n","protected":false},"excerpt":{"rendered":"<p>2017 Ana Cristina dos Santos Rama (2017).\u00a0Comprometimento e Virtuosidade Organizacionais, Psicopatologia e Autocompaix\u00e3o no Corpo de Guarda Prisional [Orientadora S\u00f3nia Sim\u00f5es].\u00a0Disserta\u00e7\u00e3o de Mestrado.\u00a0Instituto Superior Miguel Torga 2015 Dulcina Maria Lopes Sim\u00f5es (2015): Autocompaix\u00e3o, comprometimento organizacional e virtuosidade organizacional em trabalhadores de autarquias locais. Mestrado em Psicologia Cl\u00ednica\u00a0[Orient. S\u00f3nia Sim\u00f5es]. Disserta\u00e7\u00e3o de Mestrado.\u00a0Instituto Superior Miguel Torga [&hellip;]<\/p>\n","protected":false},"author":1,"featured_media":0,"parent":2048,"menu_order":1,"comment_status":"closed","ping_status":"closed","template":"","meta":{"_mi_skip_tracking":false,"_monsterinsights_sitenote_active":false,"_monsterinsights_sitenote_note":"","_monsterinsights_sitenote_category":0},"_links":{"self":[{"href":"https:\/\/diinews.ismt.pt\/index.php?rest_route=\/wp\/v2\/pages\/2049"}],"collection":[{"href":"https:\/\/diinews.ismt.pt\/index.php?rest_route=\/wp\/v2\/pages"}],"about":[{"href":"https:\/\/diinews.ismt.pt\/index.php?rest_route=\/wp\/v2\/types\/page"}],"author":[{"embeddable":true,"href":"https:\/\/diinews.ismt.pt\/index.php?rest_route=\/wp\/v2\/users\/1"}],"replies":[{"embeddable":true,"href":"https:\/\/diinews.ismt.pt\/index.php?rest_route=%2Fwp%2Fv2%2Fcomments&post=2049"}],"version-history":[{"count":12,"href":"https:\/\/diinews.ismt.pt\/index.php?rest_route=\/wp\/v2\/pages\/2049\/revisions"}],"predecessor-version":[{"id":2925,"href":"https:\/\/diinews.ismt.pt\/index.php?rest_route=\/wp\/v2\/pages\/2049\/revisions\/2925"}],"up":[{"embeddable":true,"href":"https:\/\/diinews.ismt.pt\/index.php?rest_route=\/wp\/v2\/pages\/2048"}],"wp:attachment":[{"href":"https:\/\/diinews.ismt.pt\/index.php?rest_route=%2Fwp%2Fv2%2Fmedia&parent=2049"}],"curies":[{"name":"wp","href":"https:\/\/api.w.org\/{rel}","templated":true}]}}