{"id":1430,"date":"2014-10-27T21:19:26","date_gmt":"2014-10-27T21:19:26","guid":{"rendered":"http:\/\/diinews.ismt.pt\/?page_id=1430"},"modified":"2019-03-05T21:35:39","modified_gmt":"2019-03-05T21:35:39","slug":"artigos","status":"publish","type":"page","link":"https:\/\/diinews.ismt.pt\/?page_id=1430&lang=pt","title":{"rendered":"Artigos"},"content":{"rendered":"<h2><span style=\"color: #000000;\"><strong>2019<\/strong><\/span><\/h2>\n<ul>\n<li>Ramadas, E., &amp; Sim\u00f5es, S. C. (2019). <a href=\"https:\/\/onlinelibrary.wiley.com\/doi\/abs\/10.1002\/capr.12205?af=R\" target=\"_blank\" rel=\"noreferrer noopener\" aria-label=\"The relationship between mindfulness, spiritual well-being and chronic depression: Different predictors in distinct phases of treatment (opens in a new tab)\">The relationship between mindfulness, spiritual well-being and chronic depression: Different predictors in distinct phases of treatment<\/a>.\u00a0<em>Counselling and Psychotherapy Research, 00,<\/em>\u00a01\u201311. https:\/\/doi.org\/10.1002\/capr.12205.<\/li>\n<\/ul>\n<h1>2018<\/h1>\n<p>Silva, J. E., &amp; Sim\u00f5es, S. C. (2018). <a href=\"http:\/\/psyprjournal.com\/index.php\/PPRJ\/article\/view\/26\" target=\"_blank\" rel=\"noreferrer noopener\" aria-label=\"The relationship between self-compassion and chronic depression: a cross-sectional clinical study (opens in a new tab)\">The relationship between self-compassion and chronic depression: A cross-sectional clinical study<\/a>.\u00a0<em>The Psychologist: Practice &amp; Research Journal, 1(<\/em>2), 1-13.<\/p>\n<h2><span style=\"color: #000000;\"><strong>2017<\/strong><\/span><\/h2>\n<ul>\n<li><span style=\"color: #000000;\">Serrano, T., &amp; Espirito-Santo, H. (2017).<a style=\"color: #000000;\" href=\"http:\/\/repositorio.ismt.pt\/bitstream\/123456789\/748\/1\/POM689298.pdf\" target=\"_blank\" rel=\"noopener noreferrer\" data-slimstat=\"3\"> Music, ballet, mindfulness and psychological inflexibility<\/a>. <i>Psychology of Music, 45(5), 725-738.<\/i> <\/span>doi<span style=\"color: #000000;\">: 10.1177\/0305735616689298<\/span><\/li>\n<\/ul>\n<h2><span style=\"color: #000000;\"><strong>2016<\/strong><\/span><\/h2>\n<ul>\n<li><span style=\"color: #000000;\">Zavattini, G. C., Garofalo, C., Velotti, P., Romanelli, R., Espirito-Santo, H., Costa, &amp; M., Saggino, A. (2016). <a style=\"color: #000000;\" href=\"http:\/\/repositorio.ismt.pt\/handle\/123456789\/746\" target=\"_blank\" rel=\"noopener noreferrer\">Dissociative experiences and psychopathology among inmates in Italian and Portuguese prisons<\/a>.<em> International Journal of Offender Therapy and Comparative Criminology, \u00a060<\/em> (1), 1-18. <\/span>doi<span style=\"color: #000000;\">: 10.1177\/0306624X15617256.<\/span><\/li>\n<li><span style=\"color: #000000;\">Garofalo, C., Velotti, P., Zavattini, G. C., Tommasi, M., Romanelli, R., Esp\u00edrito Santo, H., &amp; Saggino, H. (2015).<a style=\"color: #000000;\" href=\"http:\/\/repositorio.ismt.pt\/handle\/123456789\/460\" target=\"_blank\" rel=\"noopener noreferrer\"> On the factor structure of the Dissociative Experiences Scale: contribution with an Italian version of the DES-II.<\/a> <em>Journal of Psychiatry and Clinical Psychology,<\/em>\u00a0<em>15<\/em>(1), 4-12. <\/span>doi<span style=\"color: #000000;\">: 10.15557\/PiPK.2015.0001<\/span><\/li>\n<\/ul>\n<h2><span style=\"color: #000000;\"><strong>2015<\/strong><\/span><\/h2>\n<ul>\n<li><span style=\"color: #000000;\">Espirito Santo, H., &amp; Matreno, J. (2015). <a style=\"color: #000000;\" href=\"http:\/\/rpics.ismt.pt\/index.php\/ISMT\/article\/view\/10\/11\" target=\"_blank\" rel=\"noopener noreferrer\">University students&#8217; psychopathology: correlates and the examiner&#8217;s potential bias effect<\/a>. <i>Portuguese Journal Of Behavioral And Social Research, 1<\/i>(1), 42-51. <\/span>doi<span style=\"color: #000000;\">:10.7342\/ismt.rpics.2015.1.1.10<\/span><\/li>\n<li><span style=\"color: #000000;\">Martins, L., Cunha, M., Guerreiro, D., &amp; Marques, M. (2015). <a style=\"color: #000000;\" href=\"http:\/\/dx.doi.org\/10.7342\/ismt.rpics.2015.1.1.13\" target=\"_blank\" rel=\"noopener noreferrer\">Correlatos psicol\u00f3gicos de cuidadores de pessoas com defici\u00eancia mental: amostra portuguesa [Psychologicals correlates of formal carers of people with intelectual disability: a portuguese sample]<\/a>. <em>Revista Portuguesa de Investiga\u00e7\u00e3o Comportamental e Social<\/em> [<em>Portuguese Journal of Behavioral and Social Research<\/em>], <em>1<\/em>, 17-29. <\/span>doi<span style=\"color: #000000;\">:10.7342\/ismt.rpics.2015.1.1.13<\/span><\/li>\n<li><span style=\"color: #000000;\">Sim\u00f5es, S., Ferreira, J., Braga, S., &amp; Vicente, H. (2015). <a style=\"color: #000000;\" href=\"http:\/\/rpics.ismt.pt\/index.php\/ISMT\/article\/view\/8\/6\" target=\"_blank\" rel=\"noopener noreferrer\">Bullying, vincula\u00e7\u00e3o e estilos educativos parentais em adolescentes do 3\u00ba ciclo do ensino b\u00e1sico.<\/a> <em>Revista Portuguesa de Investiga\u00e7\u00e3o Comportamental e Social, 1<\/em>(1), 30-41. <\/span>doi<span style=\"color: #000000;\">:10.7342\/ismt.rpics.2015.1.1.8<\/span><\/li>\n<\/ul>\n<h2><span style=\"color: #000000;\"><strong>2014<\/strong><\/span><\/h2>\n<ul>\n<li><span style=\"color: #000000;\">Sim\u00f5es, S., Filipe, F., &amp; Farate C. (2014). <a style=\"color: #000000;\" href=\"http:\/\/www.scielo.mec.pt\/pdf\/aps\/v32n3\/v32n3a04.pdf\" target=\"_blank\" rel=\"noopener noreferrer\">Qualidade da vincula\u00e7\u00e3o percebida por m\u00e3es e crian\u00e7as em idade escolar, provenientes de diferentes tipos de fam\u00edlia.<\/a> <em>An\u00e1lise Psicol\u00f3gica, 3<\/em>(XXXII), 289-306. <\/span>doi<span style=\"color: #000000;\">:10.14417\/ap.829.2013<\/span><\/li>\n<\/ul>\n<h2><span style=\"color: #000000;\"><strong>2013<\/strong><\/span><\/h2>\n<ul>\n<li><span style=\"color: #000000;\">Azevedo, V., Sim\u00f5es, S., Marques, M., &amp; Cunha, M. (2013). <a style=\"color: #000000;\" href=\"http:\/\/revistas.lis.ulusiada.pt\/index.php\/rpca\/article\/viewFile\/418\/398\" target=\"_blank\" rel=\"noopener noreferrer\">O Papel dos estilos educativos parentais na sintomatologia ansiosa de adolescentes do 3\u00ba ciclo do ensino b\u00e1sico [The role of parental rearing styles in anxious symptoms of adolescents from middle school].<\/a> <em>Journal of Child and Adolescent Psychology<\/em> (<em>Revista de Psicologia da Crian\u00e7a e do Adolescente<\/em>), <em>4<\/em>(2), 31- 50.<\/span><\/li>\n<li><span style=\"color: #000000;\">Sim\u00f5es, S., Farate, C. , Soares, I., &amp; Duarte, J. (2013). <a style=\"color: #000000;\" href=\"http:\/\/www.scielo.br\/scielo.php?script=sci_arttext&amp;pid=S0102-79722013000100018\" target=\"_blank\" rel=\"noopener noreferrer\">Predi\u00e7\u00e3o do apego de crian\u00e7as em fun\u00e7\u00e3o do estilo educativo materno e do tipo de fam\u00edlia [Prediction of children\u2019s attachment regarding maternal rearing style and family type],<\/a> <em>Psicologia: Reflex\u00e3o e Cr\u00edtica, 26<\/em>(1), 168-176. doi:10.1590\/S0102-79722013000100018<\/span><\/li>\n<\/ul>\n<h2><span style=\"color: #000000;\"><strong>2011<\/strong><\/span><\/h2>\n<ul>\n<li><span style=\"color: #000000;\"><span style=\"letter-spacing: 0px;\">Sim\u00f5es, S. (2011).<\/span><a style=\"color: #000000;\" href=\"http:\/\/interacoes-ismt.com\/index.php\/revista\/issue\/view\/17\/showToc\"><span style=\"letter-spacing: 0px;\"> [Resenha do livro Rela\u00e7\u00f5es de vincula\u00e7\u00e3o ao longo do desenvolvimento: Teoria e avalia\u00e7\u00e3o (2\u00aa ed.) de Isabel Soares (Coord.) (2009). Braga: Psiquil\u00edbrios].<\/span><\/a><span style=\"letter-spacing: 0px;\"><i> Intera\u00e7\u00f5es: Sociedade e as Novas Modernidade<\/i>s<\/span><span style=\"letter-spacing: 0px;\">,<em> 20<\/em>, 158-159.<\/span><\/span><\/li>\n<li><span style=\"letter-spacing: 0px; color: #000000;\"><span style=\"letter-spacing: 0px;\">Sim\u00f5es, S., Farate, C., &amp; Pocinho, M. (2011).<\/span><a style=\"color: #000000;\" href=\"http:\/\/interacoes-ismt.com\/index.php\/revista\/article\/view\/275\"><span style=\"letter-spacing: 0px;\"> Estilos educativosparentais e comportamentos de vincula\u00e7\u00e3o das crian\u00e7as em idade escolar.\u00a0<\/span><\/a><span style=\"letter-spacing: 0px;\"><i>Intera\u00e7\u00f5es<\/i><\/span><span style=\"letter-spacing: 0px;\">: <i>Sociedade e as Novas Modernidades<\/i><em>, 20,<\/em> 75-99.<\/span><\/span><\/li>\n<\/ul>\n<h2><span style=\"color: #000000;\"><strong>2009<\/strong><\/span><\/h2>\n<ul>\n<li><span style=\"letter-spacing: 0px; color: #000000;\"><span style=\"letter-spacing: 0px;\">Espirito Santo, H., &amp; Pio Abreu, J. L. (2009).<\/span><a style=\"color: #000000;\" href=\"http:\/\/repositorio.ismt.pt\/handle\/123456789\/152\" target=\"_blank\" rel=\"noopener noreferrer\"><span style=\"letter-spacing: 0px;\"> Psychiatric Symptoms and Dissociation in Conversion, Somatization and Dissociative Disorders.\u00a0<\/span><\/a><span style=\"letter-spacing: 0px;\"><em>Australian and New Zealand Journal of Psychiatry, 43,\u00a0<\/em>270-276. doi: 10.1080\/0004867080265330<\/span><\/span><\/li>\n<li><span style=\"color: #000000;\"><span style=\"letter-spacing: 0px;\"><span style=\"letter-spacing: 0px;\">Espirito Santo, H., &amp; Pio Abreu, J. L. (2008).<\/span><a style=\"color: #000000;\" href=\"http:\/\/repositorio.ismt.pt\/handle\/123456789\/63\" target=\"_blank\" rel=\"noopener noreferrer\"><span style=\"letter-spacing: 0px;\"> Demographic and mental health factors associated with pathological dissociation in a Portuguese sample.\u00a0<\/span><\/a><span style=\"letter-spacing: 0px;\"><em>Journal of Trauma &amp; Dissociation, 9,<\/em>\u00a0369-387.<\/span><\/span><span style=\"letter-spacing: 0px;\">\u00a0do<span style=\"letter-spacing: 0px;\">i:10.1080\/15299730802139238<\/span><\/span><\/span><\/li>\n<li><span style=\"letter-spacing: 0px; color: #000000;\"><span style=\"letter-spacing: 0px;\">Espirito Santo, H., &amp; Pio Abreu, J. L. (2008).<\/span><a style=\"color: #000000;\" href=\"http:\/\/repositorio.ismt.pt\/handle\/123456789\/65\" target=\"_blank\" rel=\"noopener noreferrer\"><span style=\"letter-spacing: 0px;\"> Portuguese validation of the Dissociative Experiences Scale (DES).\u00a0<\/span><\/a><span style=\"letter-spacing: 0px;\"><em>Journal of Trauma &amp; Dissociation, 10,\u00a0<\/em>69-82.\u00a0<\/span><span style=\"letter-spacing: 0px;\">Doi: 10.1080\/1529973080248517<\/span><\/span><\/li>\n<li><span style=\"letter-spacing: 0px; color: #000000;\"><span style=\"letter-spacing: 0px;\">Espirito Santo, H., Madeira, F., &amp; Pio Abreu, J. L. (2007).<\/span><span style=\"letter-spacing: 0px;\"><a style=\"color: #000000;\" href=\"http:\/\/repositorio.ismt.pt\/handle\/123456789\/62\" target=\"_blank\" rel=\"noopener noreferrer\"> Vers\u00e3o Portuguesa da Dissociative Disorders Interview Schedule (DDIS), Estudo preliminar de adapta\u00e7\u00e3o a uma amostra da popula\u00e7\u00e3o portuguesa.<\/a>\u00a0<\/span><span style=\"letter-spacing: 0px;\"><em>Revista de Psiquiatria Cl\u00ednica, 28,<\/em>\u00a05-17<\/span><\/span><\/li>\n<li><span style=\"letter-spacing: 0px; color: #000000;\"><span style=\"letter-spacing: 0px;\">Espirito Santo, H., &amp; Pio Abreu, J. L. (2007).<\/span><span style=\"letter-spacing: 0px;\"><a style=\"color: #000000;\" href=\"http:\/\/www.scielo.br\/scielo.php?script=sci_arttext&amp;pid=S1516-44462006005000039&amp;lng=en&amp;nrm=iso&amp;tlng=en\"> Dissociative disorders and other psychopathological groups: exploring the differences through the Somatoform Dissociation Questionnaire (SDQ-20).<\/a>\u00a0<\/span><span style=\"letter-spacing: 0px;\"><em>Revista Brasileira de Psiquiatria, 29,\u00a0<\/em>354-358.<\/span><\/span><\/li>\n<\/ul>\n","protected":false},"excerpt":{"rendered":"<p>2019 Ramadas, E., &amp; Sim\u00f5es, S. C. (2019). The relationship between mindfulness, spiritual well-being and chronic depression: Different predictors in distinct phases of treatment.\u00a0Counselling and Psychotherapy Research, 00,\u00a01\u201311. https:\/\/doi.org\/10.1002\/capr.12205. 2018 Silva, J. E., &amp; Sim\u00f5es, S. C. (2018). The relationship between self-compassion and chronic depression: A cross-sectional clinical study.\u00a0The Psychologist: Practice &amp; Research Journal, 1(2), [&hellip;]<\/p>\n","protected":false},"author":1,"featured_media":0,"parent":1422,"menu_order":3,"comment_status":"closed","ping_status":"closed","template":"","meta":{"_mi_skip_tracking":false,"_monsterinsights_sitenote_active":false,"_monsterinsights_sitenote_note":"","_monsterinsights_sitenote_category":0},"_links":{"self":[{"href":"https:\/\/diinews.ismt.pt\/index.php?rest_route=\/wp\/v2\/pages\/1430"}],"collection":[{"href":"https:\/\/diinews.ismt.pt\/index.php?rest_route=\/wp\/v2\/pages"}],"about":[{"href":"https:\/\/diinews.ismt.pt\/index.php?rest_route=\/wp\/v2\/types\/page"}],"author":[{"embeddable":true,"href":"https:\/\/diinews.ismt.pt\/index.php?rest_route=\/wp\/v2\/users\/1"}],"replies":[{"embeddable":true,"href":"https:\/\/diinews.ismt.pt\/index.php?rest_route=%2Fwp%2Fv2%2Fcomments&post=1430"}],"version-history":[{"count":18,"href":"https:\/\/diinews.ismt.pt\/index.php?rest_route=\/wp\/v2\/pages\/1430\/revisions"}],"predecessor-version":[{"id":3771,"href":"https:\/\/diinews.ismt.pt\/index.php?rest_route=\/wp\/v2\/pages\/1430\/revisions\/3771"}],"up":[{"embeddable":true,"href":"https:\/\/diinews.ismt.pt\/index.php?rest_route=\/wp\/v2\/pages\/1422"}],"wp:attachment":[{"href":"https:\/\/diinews.ismt.pt\/index.php?rest_route=%2Fwp%2Fv2%2Fmedia&parent=1430"}],"curies":[{"name":"wp","href":"https:\/\/api.w.org\/{rel}","templated":true}]}}