{"id":1427,"date":"2014-10-27T21:17:02","date_gmt":"2014-10-27T21:17:02","guid":{"rendered":"http:\/\/diinews.ismt.pt\/?page_id=1427"},"modified":"2019-03-05T21:08:51","modified_gmt":"2019-03-05T21:08:51","slug":"comunicacoes","status":"publish","type":"page","link":"https:\/\/diinews.ismt.pt\/?page_id=1427&lang=pt","title":{"rendered":"Atas"},"content":{"rendered":"<h2><b>2019\u00a0<\/b><\/h2>\n<p>Amador, L., Duarte, C., Esp\u00edrito-Santo, H., &amp; Lemos, L. (2019). Study of the relationship of behavior, self-concept, and attachment on institutionalized children [Resumo de p\u00f3ster no 26th European Congress of Psychiatry, Floren\u00e7a]. European Psychiatry, Aceite para comunica\u00e7\u00e3o.<\/p>\n<p>Dias, A., Sim\u00f5es, S., Garcia, I., Esp\u00edrito-Santo, H., &amp; Lemos, L. (2019). Intimate partner violence: attachment and early maladaptive schemas among victims [Resumo de p\u00f3ster no 26th European Congress of Psychiatry, Floren\u00e7a]. European Psychiatry, Aceite para comunica\u00e7\u00e3o.<\/p>\n<p>Esp\u00edrito-Santo, H., Madeira S\u00e9rio, C., Duarte, C., Tom\u00e1zio, J. C., &amp; Lemos, L. (2019). Video gaming correlates and video gamers profile [Resumo de p\u00f3ster no 26th European Congress of Psychiatry, Floren\u00e7a]. European Psychiatry, Aceite para comunica\u00e7\u00e3o.<\/p>\n<p>Esp\u00edrito-Santo, H., Duarte, C., Madeira S\u00e9rio, C., &amp; Lemos, L. (2019). Validation of the Tripartite Scale of Self-Conscious Emotions in a sample of the Portuguese population [Resumo de p\u00f3ster no 26th European Congress of Psychiatry, Floren\u00e7a]. European Psychiatry, Aceite para comunica\u00e7\u00e3o.<\/p>\n<p>Esp\u00edrito-Santo, H., Madeira S\u00e9rio, C., Duarte, C., &amp; Lemos, L. (2019). Validation of the Severity of Dependence Scale-General (SDS-G) in a sample of the Portuguese population [Resumo de p\u00f3ster no 26rd European Congress of Psychiatry, Floren\u00e7a]. European Psychiatry, Aceite para comunica\u00e7\u00e3o.<\/p>\n<p>Esp\u00edrito-Santo, H., Duarte, C., Madeira S\u00e9rio, C., &amp; Lemos, L. (2019). Validation of the Jasper\/Goldberg Adult ADD Screening Examination &#8211; Version 5.0 in a sample of the Portuguese population [Resumo de p\u00f3ster no 26th European Congress of Psychiatry, Floren\u00e7a]. European Psychiatry, Aceite para comunica\u00e7\u00e3o.<\/p>\n<p>Esp\u00edrito-Santo, H., Madeira S\u00e9rio, C., Duarte, C., &amp; Lemos, L. (2019). Prevalence of psychopathic traits in a sample of the Portuguese population [Resumo de p\u00f3ster no 26rd European Congress of Psychiatry, Floren\u00e7a]. European Psychiatry, Aceite para comunica\u00e7\u00e3o.<\/p>\n<p>Lemos, L., Neves, M., Queiroz Garcia, I., Esp\u00edrito-Santo, H. (2019). Spiritual well-being and mental health in institutionalized elderly [Resumo de p\u00f3ster no 26rd European Congress of Psychiatry, Floren\u00e7a]. European Psychiatry, Aceite para comunica\u00e7\u00e3o.<\/p>\n<p>Madeira S\u00e9rio, C., Queiroz Garcia, I., Lemos, L., Duarte, C., Esp\u00edrito-Santo, H. (2019). V Self-criticism, external shame, and psychopathological symptoms: Is self-criticism a mediator between external shame and psychopathological symptoms in institutionalized women diagnosed with schizophrenia? [Resumo de p\u00f3ster no 26th European Congress of Psychiatry, Floren\u00e7a]. European Psychiatry, Aceite para comunica\u00e7\u00e3o.<\/p>\n<p>Viana, M., Duarte, C., Madeira S\u00e9rio, C., Lemos, L., Esp\u00edrito-Santo, H. (2019). Prevalence of poor sleep quality in a sample of the Portuguese population [Resumo de p\u00f3ster no 26th European Congress of Psychiatry, Floren\u00e7a]. European Psychiatry, Aceite para comunica\u00e7\u00e3o.<\/p>\n<h2><b>2018\u00a0<\/b><\/h2>\n<p>Esp\u00edrito-Santo, H., Tom\u00e1zio, J., Massano-Cardoso, I., &amp; Daniel, F. (2018). EV0883 &#8211; <a href=\"https:\/\/www.researchgate.net\/publication\/331152283_Problem_video_game_playing_scale_Portuguese_version\">Problem video game playing scale Portuguese version<\/a> [Resumo de p\u00f3ster no 26th European Congress of Psychiatry, Floren\u00e7a]. <em>European Psychiatry, 48<\/em>(Suppl.), S737. https:\/\/doi.org\/10.1016\/j.eurpsy.2017.12.010<\/p>\n<p>Sim\u00f5es, S. C., Areosa, T., Esp\u00edrito-Santo, H., &amp; Lemos, L. (2018). <a href=\"http:\/\/bmchealthservres.biomedcentral.com\/track\/pdf\/10.1186\/s12913-018-3444-8\">The obsessive-compulsive symptomatology: Its relation with alexithymia, traumatic experiences and psychopathological symptoms<\/a> [Resumo]. <em>BMC Health Services Research<\/em>, <em>18 <\/em>(Suppl 2) 010, p. 10. DOI: 10.1186\/s12913-018-3444-8.<\/p>\n<p>Sim\u00f5es, S.C., Vieira, V., Marques, M., &amp; Lemos, L. (2018). <a href=\"http:\/\/bmchealthservres.biomedcentral.com\/track\/pdf\/10.1186\/s12913-018-3444-8\">Attachment, self-compassion and mental health in the use of the internet to establish intimate relationships<\/a> [Resumo]. <em>BMC Health Services Research<\/em>, <em>18 <\/em>(Suppl 2): 09, p. 9. htps\/\/doi.org\/10.1186\/s12913-018-3444-8.<\/p>\n<h2><b>2017\u00a0<\/b><\/h2>\n<p>Sim\u00f5es, S., Areosa, T., Esp\u00edrito-Santo, H., &amp; Lemos, L. (2017). The obsessive-compulsive symptomatology: Its relation with alexithymia, traumatic experiences and psychopathological symptoms. [Abstracts from the 4th IPLeiria\u2019s International Health Congress]. Aceite para publica\u00e7\u00e3o.<\/p>\n<p>Soares, S., Marques, M., Ribeiro, A. C. M., Correia, P. Alves, C., Silva, P., Esp\u00edrito-Santo, H., &amp; Lemos, L. (2017). Trauma, self-disgust and binge eating. [Resumo de e-p\u00f3ster apresentado no 4th IPLeiria\u2019s International Health Congress]. Aceite para publica\u00e7\u00e3o.<\/p>\n<h2><b>2016\u00a0<\/b><\/h2>\n<p>Teixeira, I., Sim\u00f5es, S., Marques, M., Esp\u00edrito Santo, H., &amp; Lemos, L. (3-6, mar\u00e7o, 2016). <a href=\"https:\/\/doi.org\/10.1016\/j.eurpsy.2016.01.702\" target=\"_blank\" rel=\"noopener noreferrer\" data-slimstat=\"5\">EW584 \u2014 Self-criticism and self-compassion role in the occurrence of insomnia on college students<\/a> [Abstract of\u00a0Poster presented at the 24th European Congress of Psychiatry, Madrid]. <i>European Psychiatry<\/i>, <i>33, <\/i>S268. doi:10.1016\/j.eurpsy.2016.01.702.<\/p>\n<p>Silva, E., Sim\u00f5es, S., Esp\u00edrito Santo, H., Marques, M., &amp; Lemos, L. (3-6, mar\u00e7o, 2016).<a href=\"https:\/\/doi.org\/10.1016\/j.eurpsy.2016.01.1501\" target=\"_blank\" rel=\"noopener noreferrer\" data-slimstat=\"5\"> EV516 \u2014 Mindfulness, self-compassion and spiritual well-being in chronic depression<\/a> [Abstract of\u00a0Poster presented at the\u00a024th European Congress of Psychiatry, Madrid]. <i>European Psychiatry<\/i>, <i>33, <\/i>S415. doi:10.1016\/j.eurpsy.2016.01.1501. F<\/p>\n<p>Sim\u00f5es, D., Sim\u00f5es, S., Esp\u00edrito Santo, H., Sim\u00f5es, D., Marques, M. e Lemos, L. (3-6, mar\u00e7o, 2016). <a href=\"https:\/\/doi.org\/10.1016\/j.eurpsy.2016.01.1924\" target=\"_blank\" rel=\"noopener noreferrer\" data-slimstat=\"5\">EV939 \u2014 Mental health, self-compassion, organizational virtuosity and commitment in workers from local administration<\/a> [Abstract of\u00a0Poster presented at the 24th European Congress of Psychiatry, Madrid]. <i>European Psychiatry<\/i>, <i>33, <\/i>S519-S520. doi:0.1016\/j.eurpsy.2016.01.1924.<\/p>\n<p>Sousa, J., Marques, M., Jardim, J., Pereira, A., Sim\u00f5es, S., &amp; Cunha, M., (2016). <a href=\"https:\/\/bmchealthservres.biomedcentral.com\/articles\/10.1186\/s12913-016-1423-5\" target=\"_blank\" rel=\"noopener noreferrer\" data-slimstat=\"5\">Preliminary study of the adaptation and validation of Rating Scale of Resilient Self: Resilience, self-harm and suicidal ideation in adolescents.<\/a> <em>BMC Health Care Services Research Suppl. 3<\/em> (O163), p.83. doi: 10.1186\/s12913-016-1423-5<\/p>\n<h2><b>2015\u00a0<\/b><\/h2>\n<p>Santos, A. I., Marques, M., Esp\u00edrito Santo, H., &amp; Cunha, M. (mar\u00e7o, 2015). <a href=\"https:\/\/doi.org\/10.1016\/S0924-9338(15)30930-5\" target=\"_blank\" rel=\"noopener noreferrer\" data-slimstat=\"5\">Parent\u2019s perception on sleep and internalizing\/externalizing behavior problems in children from six to eleven years old <\/a>[Abstract of Poster presented at the 23rd European Congress of Psychiatry, Madrid]. <i>European Psychiatry, 30<\/i>(S1), 1176. doi:10.1016\/S0924-9338(15)30930-5<\/p>\n<p>Gaspar, R., Fialho, P., Marques, M., Esp\u00edrito Santo, H., Sim\u00f5es, S., &amp; Castilho, P. (mar\u00e7o, 2015). <a href=\"https:\/\/doi.org\/10.1016\/S0924-9338(15)32117-9\" target=\"_blank\" rel=\"noopener noreferrer\" data-slimstat=\"5\">Parental rearing styles, selfcriticism and selfcompassion: parent\u2019s perception<\/a>. [Abstract of\u00a0Poster presented at the\u00a023rd European Congress of Psychiatry]. <i>European Psychiatry, 30<\/i>(S1), 1841. doi:10.1016\/S0924-9338(15)32117-9<\/p>\n<p>Lima, M., Marques, M., Cunha, M., &amp; Esp\u00edrito Santo, H. (mar\u00e7o, 2015). <a href=\"https:\/\/doi.org\/10.1016\/S0924-9338(15)30595-2\" target=\"_blank\" rel=\"noopener noreferrer\" data-slimstat=\"5\">Depressive and anxious symptoms, stress, coping and resilience in probation officers<\/a> [Abstract of\u00a0Poster presented at the 23rd European Congress of Psychiatry]. <i>European Psychiatry, 30<\/i>(S1), 753. doi:10.1016\/S0924-9338(15)30595-2.<\/p>\n<h2><b>2014\u00a0<\/b><\/h2>\n<p>Esp\u00edrito-Santo, H., Lopes, M., Sim\u00f5es, S., Cunha, M., &amp; Lemos, L. (mar\u00e7o, 2014). <a href=\"https:\/\/doi.org\/10.1016\/S0924-9338(14)78773-5\" target=\"_blank\" rel=\"noopener noreferrer\" data-slimstat=\"5\">EPA-1622 \u2013 Psychometrics and correlates of the adolescent dissociative experiences scale in psychological disturbed and normal Portuguese adolescents <\/a>[Abstract of\u00a0Poster presented at the\u00a022nd European Congress of Psychiatry, Munique]. <i>European Psychiatry, 29<\/i>(S1), 1. doi:10.1016\/S0924-9338(14)78773-5<\/p>\n<p>Esp\u00edrito-Santo, H., Pio-Abreu, J. L., Sim\u00f5es, S., Martins, L., Rocha-Marques, P., Gon\u00e7alves, L., &amp; Cassimo, S. (2014). 272 \u2013 Is dissociation in psychiatric and non-psychiatric Portuguese samples explained by intensity of psychopathology? [Abstract of\u00a0Poster presented at the\u00a02nd Congresso Internacional de Sa\u00fade do IPLeiria: Desafios &amp; Inova\u00e7\u00e3o em Sa\u00fade]. <i>Revista de Sa\u00fade P\u00fablica, 48 <\/i>(n. esp.), 161.<\/p>\n<p>Mateus, J., Sim\u00f5es, S., Esp\u00edrito-Santo, H., Lemos, L., Guadalupe, S., Guerreiro, D., &amp; Marques, M.\u00a0(2014).<a href=\"http:\/\/www.rsp.fsp.usp.br\/RSPv048n.esp-congresso-book.pdf\" target=\"_blank\" rel=\"noopener noreferrer\" data-slimstat=\"3\"> 436 \u2013 Optimism, resilience and family impact in parents of disabled child<\/a> [Abstract of\u00a0Poster presented at the\u00a02nd Congresso Internacional de Sa\u00fade do IPLeiria: Desafios &amp; Inova\u00e7\u00e3o em Sa\u00fade]. <i>Revista de Sa\u00fade P\u00fablica, 48<\/i>(n.esp), 243.<\/p>\n<p>Ramos, L., Sim\u00f5es, S., Cunha, M., &amp; Esp\u00edrito-Santo, H. (2014). <a href=\"http:\/\/www.rsp.fsp.usp.br\/RSPv048n.esp-congresso-book.pdf\" target=\"_blank\" rel=\"noopener noreferrer\" data-slimstat=\"3\">285 \u2013 Perception of threat, stress, and anxiety in athletes of Portuguese football championships <\/a>[Abstract of\u00a0Poster presented at the\u00a0 2nd Congresso Internacional de Sa\u00fade do IPLeiria: Desafios &amp; Inova\u00e7\u00e3o em Sa\u00fade]. <i>Revista de Sa\u00fade P\u00fablica, 48<\/i>(n.esp), 168.<\/p>\n<p>Pil\u00f3, D., Castilho, P., Sim\u00f5es, S., Esp\u00edrito-Santo, H., Lemos, L., Guadalupe, S., &amp; Marques, M. (2014).<a href=\"http:\/\/www.rsp.fsp.usp.br\/RSPv048n.esp-congresso-book.pdf\" target=\"_blank\" rel=\"noopener noreferrer\" data-slimstat=\"3\"> 305 \u2013 Self-criticism, body esteem and eating disorders symptoms in a sample of female adolescents, practitioners of ballet and handball <\/a>[Abstract of\u00a0Poster presented at the\u00a02nd Congresso Internacional de Sa\u00fade do IPLeiria: Desafios &amp; Inova\u00e7\u00e3o em Sa\u00fade]. <i>Revista de Sa\u00fade P\u00fablica, 48<\/i>(n.esp), 178.<\/p>\n<p>Sim\u00f5es, S., Esp\u00edrito-Santo, H., Jesus, M., &amp; Marques, M. (mar\u00e7o, 2014). <a href=\"https:\/\/doi.org\/10.1016\/S0924-9338(14)78772-3\" target=\"_blank\" rel=\"noopener noreferrer\" data-slimstat=\"5\">EPA-1621 \u2013 Traumatic and dissociative experiences in a sample of Portuguese patients with schizophrenia and bipolar disorder <\/a>[Abstract of\u00a0Poster presented at the\u00a022nd European Congress of Psychiatry, Munique]. <i>European Psychiatry, 29<\/i>(S1), 1. doi: 10.1016\/S0924-9338(14)78772-3.<\/p>\n<h2><b>2013\u00a0<\/b><\/h2>\n<p>Azevedo, V., Sim\u00f5es, S., Marques, M., Cunha, M., &amp; Espirito-Santo, H. (abril, 2013). <a href=\"https:\/\/doi.org\/10.1016\/S0924-9338(13)77042-1\" target=\"_blank\" rel=\"noopener noreferrer\" data-slimstat=\"5\">2164 \u2013 The role of parental rearing styles in the perception of college adolescents\u2019 anxiety symptoms<\/a> [Abstract of\u00a0Poster presented at the\u00a021st European Congress of Psychiatry, Nice]. <i>European Psychiatry, 28<\/i>(S1).doi:10.1016\/S0924-9338(13)77042-1<\/p>\n<p>Cunha, M., Martinho, M. I., Xavier, A. M., &amp; Espirito-Santo, H. (2013). <a href=\"https:\/\/doi.org\/10.1016\/S0924-9338(13)76444-7\" target=\"_blank\" rel=\"noopener noreferrer\" data-slimstat=\"5\">1405 \u2013 Early memories of positive emotions and its relationship to attachment styles, self-compassion and psychopathology in adolescents<\/a> [Abstract of\u00a0Poster presented at the\u00a021st European Congress of Psychiatry, Nice]. <i>European Psychiatry, 28<\/i>(S1). doi:10.1016\/S0924-9338(13)76444-7.<\/p>\n<p>Esp\u00edrito Santo, H., &amp; Costa, M. (2013, abril). <a href=\"https:\/\/doi.org\/10.1016\/S0924-9338(13)76555-6\" target=\"_blank\" rel=\"noopener noreferrer\" data-slimstat=\"5\">1545 \u2013 Inmates trauma and dissociation <\/a>[Abstract of\u00a0Poster and communication presented at the\u00a022nd European Congress of Psychiatry, Munique]. <i>European Psychiatry, 2<\/i>9(S1), 1. doi:10.1016\/S0924-9338(13)76555-6.<\/p>\n<p>Esp\u00edrito-Santo, H., Gon\u00e7alves, L., Cassimo, S., Martins, L., &amp; Xavier, M. (2013, Abril). <a href=\"https:\/\/doi.org\/10.1016\/S0924-9338(13)76554-4\" target=\"_blank\" rel=\"noopener noreferrer\" data-slimstat=\"5\">1544 \u2013 The Portuguese traumatic experiences checklist (TEC): psychometrics and prevalence of traumatic experiences<\/a>. [Abstract of\u00a0Poster presented at the\u00a021st European Congress of Psychiatry, Nice]. <i>European Psychiatry, 28<\/i>(S1). doi:10.1016\/S0924-9338(13)76554-4<\/p>\n<p>Espirito-Santo, H., Gon\u00e7alves, L., Marques, M., Rocha, P., &amp; Cassimo, S. (2013). <a href=\"https:\/\/doi.org\/10.1016\/S0924-9338(13)76557-X\" target=\"_blank\" rel=\"noopener noreferrer\" data-slimstat=\"5\">1547 \u2013 Psychoform and somatoform dissociation severity in eating disorders<\/a>[Abstract of\u00a0Poster presented at the\u00a021st European Congress of Psychiatry, Nice]. <i>European Psychiatry, 28<\/i>(S1). doi:10.1016\/S0924-9338(13)76557-X<\/p>\n<p>Esp\u00edrito-Santo, H., Gon\u00e7alves, L., Marques, M., Rocha, P., &amp; Cassimo, S. (2013, Abril). <a href=\"https:\/\/doi.org\/10.1016\/S0924-9338(13)76558-1\" target=\"_blank\" rel=\"noopener noreferrer\" data-slimstat=\"5\">1548 \u2013 Correlates of psychoform and somatoform in eating disorders<\/a>[Abstract of\u00a0Poster presented at the\u00a021st European Congress of Psychiatry, Nice]. <i>European Psychiatry, 28<\/i>(S1). doi:10.1016\/S0924-9338(13)76558-1<\/p>\n<p>Espirito-Santo, H., &amp; Oliveira, M. (abril, 2013). <a href=\"https:\/\/doi.org\/10.1016\/S0924-9338(13)76575-1\" target=\"_blank\" rel=\"noopener noreferrer\" data-slimstat=\"5\">1572 \u2013 Medication adherence and cognitive functioning in depressive disorders<\/a> [Abstract of\u00a0Poster presented at the\u00a021st European Congress of Psychiatry, Nice]. <i>European Psychiatry, 28<\/i>(S1). doi:10.1016\/S0924-9338(13)76575-1<\/p>\n<p>Esp\u00edrito-Santo, H., Pio-Abreu, J. L., &amp; Mota, M. P. (2013, Abril). <a href=\"https:\/\/doi.org\/10.1016\/S0924-9338(13)77101-3\" target=\"_blank\" rel=\"noopener noreferrer\" data-slimstat=\"5\">2235 \u2013 Personality dimensions and dissociation in a Portuguese sample.<\/a> [Abstract of\u00a0Poster presented at the\u00a021st European Congress of Psychiatry, Nice]. <i>European Psychiatry, 28<\/i>(S1), 582. doi:10.1016\/S0924-9338(13)77101-3<\/p>\n<p>Esp\u00edrito-Santo, H., &amp; Rocha, P. (2013, Abril). <a href=\"https:\/\/doi.org\/10.1016\/S0924-9338(13)77211-0\" target=\"_blank\" rel=\"noopener noreferrer\" data-slimstat=\"5\">2374 \u2013 Traumatic experiences and humor disorders<\/a> [Abstract of\u00a0Poster presented at the\u00a021st European Congress of Psychiatry, Nice, EPA]. <i>European Psychiatry, 28<\/i>(S1). doi:10.1016\/S0924-9338(13)77211-0<\/p>\n<p>Lopes, F., Espirito-Santo, H., &amp; Vicente, H. (mar\u00e7o, 2013). <a href=\"https:\/\/doi.org\/10.1016\/S0924-9338(13)77100-1\" target=\"_blank\" rel=\"noopener noreferrer\" data-slimstat=\"5\">2234 \u2013 Intergenerational transmission of perceived parental rearing styles: a three generation families study <\/a>[Abstract of Poster and verbal communication presented at the21st European Congress of Psychiatry, Nice]. <i>European Psychiatry, 28(<\/i>S1). doi:10.1016\/S0924-9338(13)77100-1.<\/p>\n<p>Martins, L., &amp; Esp\u00edrito-Santo, H. (2013, Abril). <a href=\"https:\/\/doi.org\/10.1016\/S0924-9338(13)76576-3\" target=\"_blank\" rel=\"noopener noreferrer\" data-slimstat=\"5\">1573 \u2013 Pain disorder and traumatic experiences.<\/a> [Abstract of Poster presented at the 21st European Congress of Psychiatry, Nice]. <i>European Psychiatry, 28<\/i>(S1). doi:10.1016\/S0924-9338(13)76576-3<\/p>\n<p>Matreno, J., &amp; Espirito-Santo, H. (2013). <a href=\"https:\/\/doi.org\/10.1016\/S0924-9338(13)76568-4\" target=\"_blank\" rel=\"noopener noreferrer\" data-slimstat=\"5\">1563 \u2013 The examiner\u2019s effect on the measurement of dissociation and other psychopathological symptoms in college students<\/a> [Abstract of Poster presented at the 21st European Congress of Psychiatry, Nice]. <i>European Psychiatry, 28<\/i>(S1). doi:10.1016\/S0924-9338(13)76568-4<\/p>\n<p>Neves, C., Matos, M., Cunha, M., Esp\u00edrito-Santo, H., Pena, I., Ferreira, L., \u2026 Vig\u00e1rio, V. (2013). A rela\u00e7\u00e3o entre <em>mindfulness<\/em> e vergonha em praticantes e n\u00e3o praticantes de medita\u00e7\u00e3o\/yoga. In A. Pereira, M. Calheiros, P. Vagos, I. Direito, S. Monteiro, C. F. Silva &amp; A. A. Gomes (Orgs.). Livro de Actas do VIII Simp\u00f3sio Nacional de Investiga\u00e7\u00e3o em Psicologia. Associa\u00e7\u00e3o Portuguesa de Psicologia<\/p>\n<p>Santos, J., Marques, M., Carvalho, C., Silva, M. I., Concei\u00e7\u00e3o, L., Esp\u00edrito Santo, H., &amp; Sim\u00f5es, S. (2013, Abril). <a href=\"https:\/\/doi.org\/10.1016\/S0924-9338(13)76305-3\" target=\"_blank\" rel=\"noopener noreferrer\" data-slimstat=\"5\">1227 \u2013 Differences in eating habits\/behaviours and eating disorders symptoms in adolescents from a rural and a urban school.<\/a> [Abstract of Poster presented at the 21st European Congress of Psychiatry, Nice]. <i>European Psychiatry, 28<\/i>(S1). doi:10.1016\/S0924-9338(13)76305-3.<\/p>\n<p>Silva, M. I., Marques, M., Carvalho, C., Santos, J., Concei\u00e7\u00e3o, L., Cunha, M., Sim\u00f5es, S., &amp;\u00a0Esp\u00edrito Santo, H.\u00a0(abril, 2013). <a href=\"https:\/\/doi.org\/10.1016\/S0924-9338(13)76303-X\" target=\"_blank\" rel=\"noopener noreferrer\" data-slimstat=\"5\">1225 \u2013 Sex differences in eating habits\/behaviours and eating disorders symptoms, in a sample of adolescents <\/a>[Abstract of Poster presented at the 21st European Congress of Psychiatry, Nice]. <i>European Psychiatry, 28<\/i>(S1), 1225. doi:10.1016\/S0924-9338(13)76303-X<\/p>\n","protected":false},"excerpt":{"rendered":"<p>2019\u00a0 Amador, L., Duarte, C., Esp\u00edrito-Santo, H., &amp; Lemos, L. (2019). Study of the relationship of behavior, self-concept, and attachment on institutionalized children [Resumo de p\u00f3ster no 26th European Congress of Psychiatry, Floren\u00e7a]. European Psychiatry, Aceite para comunica\u00e7\u00e3o. Dias, A., Sim\u00f5es, S., Garcia, I., Esp\u00edrito-Santo, H., &amp; Lemos, L. (2019). Intimate partner violence: attachment and [&hellip;]<\/p>\n","protected":false},"author":1,"featured_media":0,"parent":1422,"menu_order":2,"comment_status":"closed","ping_status":"closed","template":"","meta":{"_mi_skip_tracking":false,"_monsterinsights_sitenote_active":false,"_monsterinsights_sitenote_note":"","_monsterinsights_sitenote_category":0},"_links":{"self":[{"href":"https:\/\/diinews.ismt.pt\/index.php?rest_route=\/wp\/v2\/pages\/1427"}],"collection":[{"href":"https:\/\/diinews.ismt.pt\/index.php?rest_route=\/wp\/v2\/pages"}],"about":[{"href":"https:\/\/diinews.ismt.pt\/index.php?rest_route=\/wp\/v2\/types\/page"}],"author":[{"embeddable":true,"href":"https:\/\/diinews.ismt.pt\/index.php?rest_route=\/wp\/v2\/users\/1"}],"replies":[{"embeddable":true,"href":"https:\/\/diinews.ismt.pt\/index.php?rest_route=%2Fwp%2Fv2%2Fcomments&post=1427"}],"version-history":[{"count":20,"href":"https:\/\/diinews.ismt.pt\/index.php?rest_route=\/wp\/v2\/pages\/1427\/revisions"}],"predecessor-version":[{"id":3776,"href":"https:\/\/diinews.ismt.pt\/index.php?rest_route=\/wp\/v2\/pages\/1427\/revisions\/3776"}],"up":[{"embeddable":true,"href":"https:\/\/diinews.ismt.pt\/index.php?rest_route=\/wp\/v2\/pages\/1422"}],"wp:attachment":[{"href":"https:\/\/diinews.ismt.pt\/index.php?rest_route=%2Fwp%2Fv2%2Fmedia&parent=1427"}],"curies":[{"name":"wp","href":"https:\/\/api.w.org\/{rel}","templated":true}]}}